{"id":221,"date":"2021-04-26T00:29:14","date_gmt":"2021-04-26T00:29:14","guid":{"rendered":"https:\/\/bravoizquierdo.cl\/temp\/?page_id=221"},"modified":"2021-09-23T21:29:22","modified_gmt":"2021-09-23T21:29:22","slug":"quienes-somos","status":"publish","type":"page","link":"https:\/\/bravoizquierdo.cl\/temp\/quienes-somos\/","title":{"rendered":"Quienes somos"},"content":{"rendered":"<p>[et_pb_section fb_built=\u00bb1&#8243; custom_padding_last_edited=\u00bbon|phone\u00bb _builder_version=\u00bb4.9.2&#8243; _module_preset=\u00bbdefault\u00bb custom_margin_tablet=\u00bb\u00bb custom_margin_phone=\u00bb0px||0px||true|false\u00bb custom_margin_last_edited=\u00bbon|phone\u00bb custom_padding=\u00bb0px||0px||true|false\u00bb custom_padding_tablet=\u00bb\u00bb custom_padding_phone=\u00bb0px||0px||true|false\u00bb global_colors_info=\u00bb{}\u00bb][et_pb_row custom_padding_last_edited=\u00bbon|phone\u00bb _builder_version=\u00bb4.9.2&#8243; _module_preset=\u00bbdefault\u00bb width=\u00bb100%\u00bb max_width=\u00bb1926px\u00bb min_height=\u00bb122.6px\u00bb custom_margin=\u00bb-9px||||false|false\u00bb custom_margin_tablet=\u00bb\u00bb custom_margin_phone=\u00bb-15px||||false|false\u00bb custom_margin_last_edited=\u00bbon|phone\u00bb custom_padding_tablet=\u00bb\u00bb custom_padding_phone=\u00bb0px||||false|false\u00bb global_colors_info=\u00bb{}\u00bb][et_pb_column type=\u00bb4_4&#8243; _builder_version=\u00bb4.9.2&#8243; _module_preset=\u00bbdefault\u00bb global_colors_info=\u00bb{}\u00bb][et_pb_image src=\u00bbhttps:\/\/bravoizquierdo.cl\/temp\/wp-content\/uploads\/2021\/05\/quienessomos1920x500.jpg\u00bb title_text=\u00bbBanner-Quienes-Somos-cel-400&#215;145&#8243; align=\u00bbcenter\u00bb force_fullwidth=\u00bbon\u00bb src_tablet=\u00bb\u00bb src_phone=\u00bbhttps:\/\/bravoizquierdo.cl\/temp\/wp-content\/uploads\/2021\/05\/Banner-Quienes-Somos-cel-400&#215;145-1.jpg\u00bb src_last_edited=\u00bbon|phone\u00bb align_tablet=\u00bb\u00bb align_phone=\u00bbcenter\u00bb align_last_edited=\u00bbon|phone\u00bb _builder_version=\u00bb4.9.2&#8243; _module_preset=\u00bbdefault\u00bb width_tablet=\u00bb\u00bb width_phone=\u00bb100%\u00bb width_last_edited=\u00bbon|phone\u00bb max_width_tablet=\u00bb\u00bb max_width_phone=\u00bb100%\u00bb max_width_last_edited=\u00bbon|phone\u00bb module_alignment=\u00bbcenter\u00bb min_height=\u00bb396px\u00bb min_height_tablet=\u00bb\u00bb min_height_phone=\u00bb145px\u00bb min_height_last_edited=\u00bbon|phone\u00bb max_height=\u00bb396px\u00bb max_height_tablet=\u00bb\u00bb max_height_phone=\u00bb\u00bb max_height_last_edited=\u00bbon|phone\u00bb global_colors_info=\u00bb{}\u00bb][\/et_pb_image][\/et_pb_column][\/et_pb_row][\/et_pb_section][et_pb_section fb_built=\u00bb1&#8243; admin_label=\u00bbnuestra empresa\u00bb _builder_version=\u00bb4.9.2&#8243; _module_preset=\u00bbdefault\u00bb custom_padding=\u00bb0px||0px||true|false\u00bb global_colors_info=\u00bb{}\u00bb][et_pb_row _builder_version=\u00bb4.9.2&#8243; _module_preset=\u00bbdefault\u00bb custom_margin=\u00bb|auto||auto|false|false\u00bb custom_padding=\u00bb0px||||false|false\u00bb global_colors_info=\u00bb{}\u00bb][et_pb_column type=\u00bb4_4&#8243; _builder_version=\u00bb4.9.2&#8243; _module_preset=\u00bbdefault\u00bb global_colors_info=\u00bb{}\u00bb][et_pb_text _builder_version=\u00bb4.9.2&#8243; text_font=\u00bbOpen Sans|600|||||||\u00bb text_text_color=\u00bb#000000&#8243; text_font_size=\u00bb32px\u00bb text_line_height=\u00bb1.8em\u00bb link_font=\u00bbOpen Sans||||||||\u00bb link_text_color=\u00bb#0099e5&#8243; link_font_size=\u00bb18px\u00bb text_orientation=\u00bbcenter\u00bb width=\u00bb100%\u00bb module_alignment=\u00bbcenter\u00bb custom_margin=\u00bb-27px||||false|false\u00bb custom_padding=\u00bb0px||||false|false\u00bb text_font_size_tablet=\u00bb\u00bb text_font_size_phone=\u00bb20px\u00bb text_font_size_last_edited=\u00bbon|phone\u00bb text_line_height_tablet=\u00bb\u00bb text_line_height_phone=\u00bb1.4em\u00bb text_line_height_last_edited=\u00bbon|phone\u00bb global_colors_info=\u00bb{}\u00bb]<\/p>\n<p>NUESTRA EMPRESA<\/p>\n<p>[\/et_pb_text][et_pb_text _builder_version=\u00bb4.9.2&#8243; text_font=\u00bbOpen Sans|600|||||||\u00bb text_font_size=\u00bb17px\u00bb width_tablet=\u00bb\u00bb width_phone=\u00bb85%\u00bb width_last_edited=\u00bbon|phone\u00bb module_alignment=\u00bbcenter\u00bb custom_margin=\u00bb0px||||false|false\u00bb text_font_size_tablet=\u00bb\u00bb text_font_size_phone=\u00bb16px\u00bb text_font_size_last_edited=\u00bbon|phone\u00bb text_line_height_tablet=\u00bb\u00bb text_line_height_phone=\u00bb1.4em\u00bb text_line_height_last_edited=\u00bbon|phone\u00bb global_colors_info=\u00bb{}\u00bb]<\/p>\n<p style=\"text-align: center;\">Bravo Izquierdo se ha caracterizado por los altos est\u00e1ndares de calidad e innovaci\u00f3n con que trabajan,<br \/>demostrando su capacidad de adaptarse r\u00e1pidamente al cambio siendo parte de las soluciones y liderando<br \/>con compromiso sus estamentos para ofrecer a sus clientes el mejor est\u00e1ndar constructivo de Chile.<\/p>\n<p>[\/et_pb_text][\/et_pb_column][\/et_pb_row][et_pb_row column_structure=\u00bb1_2,1_2&#8243; use_custom_gutter=\u00bbon\u00bb gutter_width=\u00bb1&#8243; make_equal=\u00bbon\u00bb disabled_on=\u00bboff|on|on\u00bb admin_label=\u00bbmision celu\u00bb _builder_version=\u00bb4.9.2&#8243; _module_preset=\u00bbdefault\u00bb width_tablet=\u00bb\u00bb width_phone=\u00bb81%\u00bb width_last_edited=\u00bbon|phone\u00bb max_width_tablet=\u00bb\u00bb max_width_phone=\u00bb97%\u00bb max_width_last_edited=\u00bbon|phone\u00bb module_alignment=\u00bbcenter\u00bb custom_css_main_element=\u00bbdisplay: flex;\u00bb global_colors_info=\u00bb{}\u00bb][et_pb_column type=\u00bb1_2&#8243; _builder_version=\u00bb4.9.2&#8243; _module_preset=\u00bbdefault\u00bb global_colors_info=\u00bb{}\u00bb][et_pb_image src=\u00bbhttps:\/\/bravoizquierdo.cl\/temp\/wp-content\/uploads\/2021\/04\/Captura-de-pantalla-2021-04-21-a-las-8.52.13-a.m.-copia3.jpg\u00bb title_text=\u00bbCaptura de pantalla 2021-04-21 a las 8.52.13 a.m. copia3&#8243; align=\u00bbcenter\u00bb _builder_version=\u00bb4.9.2&#8243; _module_preset=\u00bbdefault\u00bb width=\u00bb80%\u00bb global_colors_info=\u00bb{}\u00bb][\/et_pb_image][et_pb_text _builder_version=\u00bb4.9.2&#8243; _module_preset=\u00bbdefault\u00bb text_font=\u00bbOpen Sans|600|||||||\u00bb custom_padding_tablet=\u00bb\u00bb custom_padding_phone=\u00bb16px||||false|false\u00bb custom_padding_last_edited=\u00bbon|phone\u00bb global_colors_info=\u00bb{}\u00bb]<\/p>\n<h3 style=\"text-align: center;\"><span style=\"color: #333333;\">MISI\u00d3N<\/span><\/h3>\n<p>[\/et_pb_text][et_pb_text _builder_version=\u00bb4.9.2&#8243; _module_preset=\u00bbdefault\u00bb text_font=\u00bbOpen Sans|600|||||||\u00bb text_font_size=\u00bb17px\u00bb max_width_tablet=\u00bb\u00bb max_width_phone=\u00bb88%\u00bb max_width_last_edited=\u00bbon|phone\u00bb module_alignment=\u00bbcenter\u00bb text_font_size_tablet=\u00bb\u00bb text_font_size_phone=\u00bb13px\u00bb text_font_size_last_edited=\u00bbon|phone\u00bb global_colors_info=\u00bb{}\u00bb]<\/p>\n<p style=\"text-align: center;\"><span style=\"color: #333333;\">\u201cConstruir con experiencia y entusiasmo, como si fue\u0301ramos nuestros propios clientes\u201d <\/span><\/p>\n<p>[\/et_pb_text][\/et_pb_column][et_pb_column type=\u00bb1_2&#8243; _builder_version=\u00bb4.9.2&#8243; _module_preset=\u00bbdefault\u00bb global_colors_info=\u00bb{}\u00bb][et_pb_image src=\u00bbhttps:\/\/bravoizquierdo.cl\/temp\/wp-content\/uploads\/2021\/04\/Captura-de-pantalla-2021-04-21-a-las-8.52.13-a.m.2.jpg\u00bb title_text=\u00bbCaptura de pantalla 2021-04-21 a las 8.52.13 a.m.2&#8243; align=\u00bbcenter\u00bb _builder_version=\u00bb4.9.2&#8243; _module_preset=\u00bbdefault\u00bb width=\u00bb80%\u00bb global_colors_info=\u00bb{}\u00bb][\/et_pb_image][et_pb_text _builder_version=\u00bb4.9.2&#8243; _module_preset=\u00bbdefault\u00bb text_font=\u00bbOpen Sans|600|||||||\u00bb custom_padding_tablet=\u00bb\u00bb custom_padding_phone=\u00bb16px||||false|false\u00bb custom_padding_last_edited=\u00bbon|phone\u00bb global_colors_info=\u00bb{}\u00bb]<\/p>\n<h3 style=\"text-align: center;\">VISI\u00d3N<\/h3>\n<p>[\/et_pb_text][et_pb_text _builder_version=\u00bb4.9.2&#8243; _module_preset=\u00bbdefault\u00bb text_font=\u00bbOpen Sans|600|||||||\u00bb text_font_size=\u00bb17px\u00bb max_width_tablet=\u00bb\u00bb max_width_phone=\u00bb88%\u00bb max_width_last_edited=\u00bbon|phone\u00bb module_alignment=\u00bbcenter\u00bb text_font_size_tablet=\u00bb\u00bb text_font_size_phone=\u00bb13px\u00bb text_font_size_last_edited=\u00bbon|phone\u00bb global_colors_info=\u00bb{}\u00bb]<\/p>\n<p style=\"text-align: center;\"><span style=\"color: #333333;\">\u201cHay nuevas formas de vivir, y nosotros vamos a construirlas\u201d <\/span><\/p>\n<p>[\/et_pb_text][\/et_pb_column][\/et_pb_row][et_pb_row use_custom_gutter=\u00bbon\u00bb gutter_width=\u00bb1&#8243; make_equal=\u00bbon\u00bb disabled_on=\u00bboff|on|on\u00bb admin_label=\u00bbmision celu\u00bb _builder_version=\u00bb4.9.2&#8243; _module_preset=\u00bbdefault\u00bb width_tablet=\u00bb\u00bb width_phone=\u00bb81%\u00bb width_last_edited=\u00bbon|phone\u00bb max_width_tablet=\u00bb\u00bb max_width_phone=\u00bb97%\u00bb max_width_last_edited=\u00bbon|phone\u00bb module_alignment=\u00bbcenter\u00bb custom_margin=\u00bb-18px|auto||auto||\u00bb custom_css_main_element=\u00bbdisplay: flex;\u00bb global_colors_info=\u00bb{}\u00bb][et_pb_column type=\u00bb4_4&#8243; _builder_version=\u00bb4.9.2&#8243; _module_preset=\u00bbdefault\u00bb global_colors_info=\u00bb{}\u00bb][et_pb_image src=\u00bbhttps:\/\/bravoizquierdo.cl\/temp\/wp-content\/uploads\/2021\/04\/Captura-de-pantalla-2021-04-21-a-las-8.52.13-a.m..png\u00bb title_text=\u00bbCaptura de pantalla 2021-04-21 a las 8.52.13 a.m.\u00bb align=\u00bbcenter\u00bb _builder_version=\u00bb4.9.2&#8243; _module_preset=\u00bbdefault\u00bb width=\u00bb40%\u00bb global_colors_info=\u00bb{}\u00bb][\/et_pb_image][et_pb_text _builder_version=\u00bb4.9.2&#8243; _module_preset=\u00bbdefault\u00bb text_font=\u00bbOpen Sans|600|||||||\u00bb text_font_size=\u00bb17px\u00bb max_width_tablet=\u00bb\u00bb max_width_phone=\u00bb88%\u00bb max_width_last_edited=\u00bbon|phone\u00bb module_alignment=\u00bbcenter\u00bb custom_padding=\u00bb11px|||||\u00bb text_font_size_tablet=\u00bb\u00bb text_font_size_phone=\u00bb13px\u00bb text_font_size_last_edited=\u00bbon|phone\u00bb global_colors_info=\u00bb{}\u00bb]<\/p>\n<h3 style=\"text-align: center;\">VALORES DE <br \/>NUESTRA EMPRESA<\/h3>\n<p>[\/et_pb_text][et_pb_text _builder_version=\u00bb4.9.2&#8243; _module_preset=\u00bbdefault\u00bb text_font=\u00bbOpen Sans|600|||||||\u00bb text_text_color=\u00bb#333333&#8243; text_font_size=\u00bb17px\u00bb max_width_tablet=\u00bb\u00bb max_width_phone=\u00bb88%\u00bb max_width_last_edited=\u00bbon|phone\u00bb module_alignment=\u00bbcenter\u00bb text_font_size_tablet=\u00bb\u00bb text_font_size_phone=\u00bb13px\u00bb text_font_size_last_edited=\u00bbon|phone\u00bb global_colors_info=\u00bb{}\u00bb]<\/p>\n<p style=\"text-align: center;\">Orientaci\u00f3n al cliente, rectitud e integridad, compromiso con las personas, pasi\u00f3n por ser los mejores, innovaci\u00f3n y cumplimiento de la palabra.<\/p>\n<p>[\/et_pb_text][\/et_pb_column][\/et_pb_row][et_pb_row column_structure=\u00bb1_3,1_3,1_3&#8243; disabled_on=\u00bbon|off|off\u00bb _builder_version=\u00bb4.9.2&#8243; _module_preset=\u00bbdefault\u00bb global_colors_info=\u00bb{}\u00bb][et_pb_column type=\u00bb1_3&#8243; _builder_version=\u00bb4.9.2&#8243; _module_preset=\u00bbdefault\u00bb global_colors_info=\u00bb{}\u00bb][et_pb_image src=\u00bbhttps:\/\/bravoizquierdo.cl\/temp\/wp-content\/uploads\/2021\/04\/Captura-de-pantalla-2021-04-21-a-las-8.52.13-a.m.-copia3.jpg\u00bb title_text=\u00bbCaptura de pantalla 2021-04-21 a las 8.52.13 a.m. copia3&#8243; align=\u00bbcenter\u00bb _builder_version=\u00bb4.9.2&#8243; _module_preset=\u00bbdefault\u00bb width=\u00bb80%\u00bb global_colors_info=\u00bb{}\u00bb][\/et_pb_image][et_pb_text _builder_version=\u00bb4.9.2&#8243; _module_preset=\u00bbdefault\u00bb text_font=\u00bbOpen Sans|600|||||||\u00bb global_colors_info=\u00bb{}\u00bb]<\/p>\n<h3 style=\"text-align: center;\"><span style=\"color: #333333;\">MISI\u00d3N<\/span><\/h3>\n<p>[\/et_pb_text][et_pb_text _builder_version=\u00bb4.9.2&#8243; _module_preset=\u00bbdefault\u00bb text_font=\u00bbOpen Sans|600|||||||\u00bb text_font_size=\u00bb17px\u00bb max_width_tablet=\u00bb\u00bb max_width_phone=\u00bb88%\u00bb max_width_last_edited=\u00bbon|phone\u00bb module_alignment=\u00bbcenter\u00bb text_font_size_tablet=\u00bb\u00bb text_font_size_phone=\u00bb13px\u00bb text_font_size_last_edited=\u00bbon|phone\u00bb global_colors_info=\u00bb{}\u00bb]<\/p>\n<p style=\"text-align: center;\">\u201cConstruir con experiencia y entusiasmo, como si fue\u0301ramos nuestros propios clientes\u201d<\/p>\n<p>[\/et_pb_text][\/et_pb_column][et_pb_column type=\u00bb1_3&#8243; _builder_version=\u00bb4.9.2&#8243; _module_preset=\u00bbdefault\u00bb global_colors_info=\u00bb{}\u00bb][et_pb_image src=\u00bbhttps:\/\/bravoizquierdo.cl\/temp\/wp-content\/uploads\/2021\/04\/Captura-de-pantalla-2021-04-21-a-las-8.52.13-a.m.2.jpg\u00bb title_text=\u00bbCaptura de pantalla 2021-04-21 a las 8.52.13 a.m.2&#8243; align=\u00bbcenter\u00bb _builder_version=\u00bb4.9.2&#8243; _module_preset=\u00bbdefault\u00bb width=\u00bb80%\u00bb global_colors_info=\u00bb{}\u00bb][\/et_pb_image][et_pb_text _builder_version=\u00bb4.9.2&#8243; _module_preset=\u00bbdefault\u00bb global_colors_info=\u00bb{}\u00bb]<\/p>\n<h3 style=\"text-align: center;\">VISI\u00d3N<\/h3>\n<p>[\/et_pb_text][et_pb_text _builder_version=\u00bb4.9.2&#8243; _module_preset=\u00bbdefault\u00bb text_font=\u00bb|600|||||||\u00bb text_font_size=\u00bb17px\u00bb global_colors_info=\u00bb{}\u00bb]<\/p>\n<p style=\"text-align: center;\">\u201cHay nuevas formas de vivir, y nosotros vamos a construirlas\u201d<\/p>\n<p>[\/et_pb_text][\/et_pb_column][et_pb_column type=\u00bb1_3&#8243; _builder_version=\u00bb4.9.2&#8243; _module_preset=\u00bbdefault\u00bb global_colors_info=\u00bb{}\u00bb][et_pb_image src=\u00bbhttps:\/\/bravoizquierdo.cl\/temp\/wp-content\/uploads\/2021\/04\/Captura-de-pantalla-2021-04-21-a-las-8.52.13-a.m..png\u00bb title_text=\u00bbCaptura de pantalla 2021-04-21 a las 8.52.13 a.m.\u00bb align=\u00bbcenter\u00bb _builder_version=\u00bb4.9.2&#8243; _module_preset=\u00bbdefault\u00bb width=\u00bb80%\u00bb global_colors_info=\u00bb{}\u00bb][\/et_pb_image][et_pb_text _builder_version=\u00bb4.9.2&#8243; _module_preset=\u00bbdefault\u00bb custom_margin=\u00bb||12px|||\u00bb global_colors_info=\u00bb{}\u00bb]<\/p>\n<h3 style=\"text-align: center;\"><span>VALORES<br \/>\nDE NUESTRA EMPRESA <\/span><\/h3>\n<p>[\/et_pb_text][et_pb_text _builder_version=\u00bb4.9.2&#8243; _module_preset=\u00bbdefault\u00bb text_font=\u00bb|600|||||||\u00bb text_font_size=\u00bb17px\u00bb custom_margin=\u00bb0px||||false|false\u00bb global_colors_info=\u00bb{}\u00bb]<\/p>\n<p style=\"text-align: center;\">Orientaci\u00f3n al cliente, rectitud e integridad, compromiso con las personas, pasi\u00f3n por ser los mejores, innovaci\u00f3n y cumplimiento de la palabra.<\/p>\n<p>[\/et_pb_text][\/et_pb_column][\/et_pb_row][\/et_pb_section][et_pb_section fb_built=\u00bb1&#8243; _builder_version=\u00bb4.9.2&#8243; _module_preset=\u00bbdefault\u00bb use_background_color_gradient=\u00bbon\u00bb background_color_gradient_start=\u00bb#000000&#8243; background_color_gradient_end=\u00bb#8b1813&#8243; background_color_gradient_direction=\u00bb90deg\u00bb background_enable_image=\u00bboff\u00bb global_colors_info=\u00bb{}\u00bb disabled_on=\u00bbon|on|on\u00bb disabled=\u00bbon\u00bb][et_pb_row _builder_version=\u00bb4.9.2&#8243; _module_preset=\u00bbdefault\u00bb global_colors_info=\u00bb{}\u00bb][et_pb_column type=\u00bb4_4&#8243; _builder_version=\u00bb4.9.2&#8243; _module_preset=\u00bbdefault\u00bb global_colors_info=\u00bb{}\u00bb][et_pb_text _builder_version=\u00bb4.9.2&#8243; text_font=\u00bbOpen Sans|600|||||||\u00bb text_text_color=\u00bb#FFFFFF\u00bb text_font_size=\u00bb32px\u00bb text_line_height=\u00bb1.8em\u00bb link_font=\u00bbOpen Sans||||||||\u00bb link_text_color=\u00bb#0099e5&#8243; link_font_size=\u00bb18px\u00bb text_orientation=\u00bbcenter\u00bb width=\u00bb100%\u00bb module_alignment=\u00bbcenter\u00bb custom_margin=\u00bb-7px||||false|false\u00bb custom_padding=\u00bb0px||||false|false\u00bb text_font_size_tablet=\u00bb\u00bb text_font_size_phone=\u00bb20px\u00bb text_font_size_last_edited=\u00bbon|phone\u00bb global_colors_info=\u00bb{}\u00bb]<\/p>\n<p>CAPITAL HUMANO<\/p>\n<p>[\/et_pb_text][et_pb_text _builder_version=\u00bb4.9.2&#8243; text_font=\u00bbOpen Sans||||||||\u00bb text_text_color=\u00bb#FFFFFF\u00bb text_font_size=\u00bb18px\u00bb link_font=\u00bbOpen Sans||||||||\u00bb link_text_color=\u00bb#0099e5&#8243; link_font_size=\u00bb18px\u00bb text_orientation=\u00bbcenter\u00bb width=\u00bb100%\u00bb width_tablet=\u00bb\u00bb width_phone=\u00bb85%\u00bb width_last_edited=\u00bbon|phone\u00bb module_alignment=\u00bbcenter\u00bb custom_margin=\u00bb|||\u00bb custom_padding=\u00bb||||false|false\u00bb custom_padding_phone=\u00bb0px||||false|false\u00bb custom_padding_last_edited=\u00bboff|desktop\u00bb text_font_size_tablet=\u00bb\u00bb text_font_size_phone=\u00bb14px\u00bb text_font_size_last_edited=\u00bbon|phone\u00bb global_colors_info=\u00bb{}\u00bb]Las personas son la base de la empresa, aquellas que crean valor y que a trav\u00e9s de su inteligencia y trabajo llevan a cabo todos los procesos para construir en forma adecuada y eficiente. Son quienes construyen nuevas formas de vivir.[\/et_pb_text][\/et_pb_column][\/et_pb_row][et_pb_row _builder_version=\u00bb4.9.2&#8243; _module_preset=\u00bbdefault\u00bb width=\u00bb100%\u00bb max_width=\u00bb1927px\u00bb global_colors_info=\u00bb{}\u00bb][et_pb_column type=\u00bb4_4&#8243; _builder_version=\u00bb4.9.2&#8243; _module_preset=\u00bbdefault\u00bb global_colors_info=\u00bb{}\u00bb][et_pb_image src=\u00bbhttps:\/\/bravoizquierdo.cl\/temp\/wp-content\/uploads\/2021\/04\/Captura-de-pantalla-2021-04-21-a-las-11.36.03-a.m..png\u00bb title_text=\u00bbcapitalhumano-bi-movil1&#8243; align=\u00bbcenter\u00bb src_tablet=\u00bb\u00bb src_phone=\u00bbhttps:\/\/bravoizquierdo.cl\/temp\/wp-content\/uploads\/2021\/05\/capitalhumano-bi-movil1.jpg\u00bb src_last_edited=\u00bbon|phone\u00bb align_tablet=\u00bb\u00bb align_phone=\u00bb\u00bb align_last_edited=\u00bbon|phone\u00bb _builder_version=\u00bb4.9.2&#8243; _module_preset=\u00bbdefault\u00bb custom_margin=\u00bb||-17px|||\u00bb global_colors_info=\u00bb{}\u00bb][\/et_pb_image][\/et_pb_column][\/et_pb_row][et_pb_row _builder_version=\u00bb4.9.2&#8243; _module_preset=\u00bbdefault\u00bb width=\u00bb100%\u00bb max_width=\u00bb1932px\u00bb global_colors_info=\u00bb{}\u00bb][et_pb_column type=\u00bb4_4&#8243; _builder_version=\u00bb4.9.2&#8243; _module_preset=\u00bbdefault\u00bb global_colors_info=\u00bb{}\u00bb][et_pb_image src=\u00bbhttps:\/\/bravoizquierdo.cl\/temp\/wp-content\/uploads\/2021\/04\/Captura-de-pantalla-2021-04-21-a-las-11.46.08-a.m..png\u00bb title_text=\u00bbcapitalhumano-bi-movil2&#8243; align=\u00bbcenter\u00bb src_tablet=\u00bb\u00bb src_phone=\u00bbhttps:\/\/bravoizquierdo.cl\/temp\/wp-content\/uploads\/2021\/05\/capitalhumano-bi-movil2.jpg\u00bb src_last_edited=\u00bbon|phone\u00bb align_tablet=\u00bb\u00bb align_phone=\u00bb\u00bb align_last_edited=\u00bbon|phone\u00bb _builder_version=\u00bb4.9.2&#8243; _module_preset=\u00bbdefault\u00bb custom_margin=\u00bb-60px|||||\u00bb custom_padding=\u00bb21px|||||\u00bb global_colors_info=\u00bb{}\u00bb][\/et_pb_image][\/et_pb_column][\/et_pb_row][\/et_pb_section][et_pb_section fb_built=\u00bb1&#8243; _builder_version=\u00bb4.9.2&#8243; _module_preset=\u00bbdefault\u00bb global_colors_info=\u00bb{}\u00bb][et_pb_row _builder_version=\u00bb4.9.2&#8243; _module_preset=\u00bbdefault\u00bb custom_padding=\u00bb0px||0px||true|false\u00bb global_colors_info=\u00bb{}\u00bb][et_pb_column type=\u00bb4_4&#8243; _builder_version=\u00bb4.9.2&#8243; _module_preset=\u00bbdefault\u00bb global_colors_info=\u00bb{}\u00bb][et_pb_text _builder_version=\u00bb4.9.2&#8243; text_font=\u00bbOpen Sans|600|||||||\u00bb text_text_color=\u00bb#000000&#8243; text_font_size=\u00bb32px\u00bb text_line_height=\u00bb1.8em\u00bb link_font=\u00bbOpen Sans||||||||\u00bb link_text_color=\u00bb#0099e5&#8243; link_font_size=\u00bb18px\u00bb text_orientation=\u00bbcenter\u00bb width=\u00bb100%\u00bb module_alignment=\u00bbcenter\u00bb custom_margin=\u00bb18px||||false|false\u00bb custom_padding=\u00bb||||false|false\u00bb custom_padding_tablet=\u00bb\u00bb custom_padding_phone=\u00bb0px||||false|false\u00bb custom_padding_last_edited=\u00bbon|phone\u00bb text_font_size_tablet=\u00bb\u00bb text_font_size_phone=\u00bb21px\u00bb text_font_size_last_edited=\u00bbon|phone\u00bb global_colors_info=\u00bb{}\u00bb]<\/p>\n<p>HISTORIA<\/p>\n<p>[\/et_pb_text][et_pb_text _builder_version=\u00bb4.9.2&#8243; text_font=\u00bbOpen Sans|600|||||||\u00bb text_font_size=\u00bb17px\u00bb link_font=\u00bbOpen Sans||||||||\u00bb link_text_color=\u00bb#0099e5&#8243; link_font_size=\u00bb18px\u00bb text_orientation=\u00bbcenter\u00bb width=\u00bb100%\u00bb width_tablet=\u00bb\u00bb width_phone=\u00bb85%\u00bb width_last_edited=\u00bbon|phone\u00bb module_alignment=\u00bbcenter\u00bb custom_margin=\u00bb|||\u00bb custom_padding=\u00bb||||false|false\u00bb custom_padding_tablet=\u00bb\u00bb custom_padding_phone=\u00bb0px||||false|false\u00bb custom_padding_last_edited=\u00bbon|phone\u00bb text_font_size_tablet=\u00bb\u00bb text_font_size_phone=\u00bb14px\u00bb text_font_size_last_edited=\u00bbon|phone\u00bb global_colors_info=\u00bb{}\u00bb]<\/p>\n<p><span style=\"color: #333333;\">Hace ma\u0301s de 50 an\u0303os se inicio\u0301 una amistad entre Luis Bravo Garreto\u0301n y Mati\u0301as Izquierdo Mene\u0301ndez, que con el tiempo seri\u0301a la piedra angular de una gran diversidad de proyectos que han creado bajo el alero de la Constructora e Inmobiliaria que ambos fundaron, y que se ha caracterizado por los altos esta\u0301ndares de calidad e innovacio\u0301n con que trabajan. <\/span><\/p>\n<p>[\/et_pb_text][\/et_pb_column][\/et_pb_row][et_pb_row column_structure=\u00bb1_2,1_2&#8243; use_custom_gutter=\u00bbon\u00bb gutter_width=\u00bb1&#8243; make_equal=\u00bbon\u00bb disabled_on=\u00bboff|on|on\u00bb _builder_version=\u00bb4.9.2&#8243; _module_preset=\u00bbdefault\u00bb module_alignment=\u00bbcenter\u00bb custom_margin=\u00bb-15px|auto||auto||\u00bb custom_css_main_element=\u00bbDISPLAY: FLEX;\u00bb global_colors_info=\u00bb{}\u00bb][et_pb_column type=\u00bb1_2&#8243; _builder_version=\u00bb4.9.2&#8243; _module_preset=\u00bbdefault\u00bb global_colors_info=\u00bb{}\u00bb][et_pb_image src=\u00bbhttps:\/\/bravoizquierdo.cl\/temp\/wp-content\/uploads\/2021\/04\/h1.jpg\u00bb title_text=\u00bbh1&#8243; align_tablet=\u00bb\u00bb align_phone=\u00bbright\u00bb align_last_edited=\u00bbon|phone\u00bb _builder_version=\u00bb4.9.2&#8243; _module_preset=\u00bbdefault\u00bb max_width=\u00bb93%\u00bb module_alignment=\u00bbright\u00bb custom_margin=\u00bb|-27px||-5px||\u00bb custom_padding=\u00bb|4px||||\u00bb global_colors_info=\u00bb{}\u00bb][\/et_pb_image][et_pb_text _builder_version=\u00bb4.9.2&#8243; _module_preset=\u00bbdefault\u00bb text_font=\u00bbOpen Sans|600|||||||\u00bb text_font_size_tablet=\u00bb\u00bb text_font_size_phone=\u00bb\u00bb text_font_size_last_edited=\u00bbon|phone\u00bb global_colors_info=\u00bb{}\u00bb]<\/p>\n<p style=\"text-align: center;\"><span style=\"color: #333333;\">Formacio\u0301n y crecimiento. Oficina Bandera, Santiago. <\/span><\/p>\n<p>[\/et_pb_text][\/et_pb_column][et_pb_column type=\u00bb1_2&#8243; _builder_version=\u00bb4.9.2&#8243; _module_preset=\u00bbdefault\u00bb global_colors_info=\u00bb{}\u00bb][et_pb_image src=\u00bbhttps:\/\/bravoizquierdo.cl\/temp\/wp-content\/uploads\/2021\/04\/h2.jpg\u00bb title_text=\u00bbh1&#8243; align_tablet=\u00bb\u00bb align_phone=\u00bb\u00bb align_last_edited=\u00bbon|phone\u00bb _builder_version=\u00bb4.9.2&#8243; _module_preset=\u00bbdefault\u00bb max_width=\u00bb93%\u00bb module_alignment=\u00bbleft\u00bb custom_margin=\u00bb|-27px||-5px||\u00bb custom_padding=\u00bb|4px||||\u00bb global_colors_info=\u00bb{}\u00bb][\/et_pb_image][et_pb_text _builder_version=\u00bb4.9.2&#8243; _module_preset=\u00bbdefault\u00bb text_font=\u00bbOpen Sans|600|||||||\u00bb text_font_size_tablet=\u00bb\u00bb text_font_size_phone=\u00bb\u00bb text_font_size_last_edited=\u00bbon|phone\u00bb global_colors_info=\u00bb{}\u00bb]<\/p>\n<p style=\"text-align: center;\"><span style=\"color: #333333;\">Oficina Punta Arenas. Oficina Iquique. <\/span><\/p>\n<p>[\/et_pb_text][\/et_pb_column][\/et_pb_row][et_pb_row column_structure=\u00bb1_2,1_2&#8243; use_custom_gutter=\u00bbon\u00bb gutter_width=\u00bb1&#8243; make_equal=\u00bbon\u00bb disabled_on=\u00bboff|on|on\u00bb _builder_version=\u00bb4.9.2&#8243; _module_preset=\u00bbdefault\u00bb module_alignment=\u00bbcenter\u00bb custom_margin=\u00bb-21px|auto||auto||\u00bb custom_css_main_element=\u00bbDISPLAY: FLEX;\u00bb global_colors_info=\u00bb{}\u00bb][et_pb_column type=\u00bb1_2&#8243; _builder_version=\u00bb4.9.2&#8243; _module_preset=\u00bbdefault\u00bb global_colors_info=\u00bb{}\u00bb][et_pb_image src=\u00bbhttps:\/\/bravoizquierdo.cl\/temp\/wp-content\/uploads\/2021\/04\/h3.jpg\u00bb title_text=\u00bbh1&#8243; align_tablet=\u00bb\u00bb align_phone=\u00bbright\u00bb align_last_edited=\u00bbon|phone\u00bb _builder_version=\u00bb4.9.2&#8243; _module_preset=\u00bbdefault\u00bb max_width=\u00bb93%\u00bb module_alignment=\u00bbright\u00bb custom_margin=\u00bb|-27px||-5px||\u00bb custom_padding=\u00bb|4px||||\u00bb global_colors_info=\u00bb{}\u00bb][\/et_pb_image][et_pb_text _builder_version=\u00bb4.9.2&#8243; _module_preset=\u00bbdefault\u00bb text_font=\u00bbOpen Sans|600|||||||\u00bb text_font_size_tablet=\u00bb\u00bb text_font_size_phone=\u00bb\u00bb text_font_size_last_edited=\u00bbon|phone\u00bb global_colors_info=\u00bb{}\u00bb]<\/p>\n<p style=\"text-align: center;\"><span style=\"color: #333333;\">Oficina Vin\u0303a del Mar. Industrializacio\u0301n. <\/span><\/p>\n<p>[\/et_pb_text][\/et_pb_column][et_pb_column type=\u00bb1_2&#8243; _builder_version=\u00bb4.9.2&#8243; _module_preset=\u00bbdefault\u00bb global_colors_info=\u00bb{}\u00bb][et_pb_image src=\u00bbhttps:\/\/bravoizquierdo.cl\/temp\/wp-content\/uploads\/2021\/04\/h4.jpg\u00bb title_text=\u00bbh1&#8243; align_tablet=\u00bb\u00bb align_phone=\u00bb\u00bb align_last_edited=\u00bbon|phone\u00bb _builder_version=\u00bb4.9.2&#8243; _module_preset=\u00bbdefault\u00bb max_width=\u00bb93%\u00bb module_alignment=\u00bbleft\u00bb custom_margin=\u00bb|-27px||-5px||\u00bb custom_padding=\u00bb0px|4px||||\u00bb global_colors_info=\u00bb{}\u00bb][\/et_pb_image][et_pb_text _builder_version=\u00bb4.9.2&#8243; _module_preset=\u00bbdefault\u00bb text_font=\u00bbOpen Sans|600|||||||\u00bb text_font_size_tablet=\u00bb\u00bb text_font_size_phone=\u00bb\u00bb text_font_size_last_edited=\u00bbon|phone\u00bb global_colors_info=\u00bb{}\u00bb]<\/p>\n<p style=\"text-align: center;\"><span style=\"color: #333333;\">Oficina Pedro de Valdivia. D\u00b0 de personas. <\/span><\/p>\n<p>[\/et_pb_text][\/et_pb_column][\/et_pb_row][et_pb_row column_structure=\u00bb1_2,1_2&#8243; use_custom_gutter=\u00bbon\u00bb gutter_width=\u00bb1&#8243; make_equal=\u00bbon\u00bb disabled_on=\u00bboff|on|on\u00bb _builder_version=\u00bb4.9.2&#8243; _module_preset=\u00bbdefault\u00bb module_alignment=\u00bbcenter\u00bb custom_css_main_element=\u00bbDISPLAY: FLEX;\u00bb global_colors_info=\u00bb{}\u00bb][et_pb_column type=\u00bb1_2&#8243; _builder_version=\u00bb4.9.2&#8243; _module_preset=\u00bbdefault\u00bb global_colors_info=\u00bb{}\u00bb][et_pb_image src=\u00bbhttps:\/\/bravoizquierdo.cl\/temp\/wp-content\/uploads\/2021\/04\/h5-1.jpg\u00bb title_text=\u00bbh1&#8243; align_tablet=\u00bb\u00bb align_phone=\u00bbright\u00bb align_last_edited=\u00bbon|phone\u00bb _builder_version=\u00bb4.9.2&#8243; _module_preset=\u00bbdefault\u00bb max_width=\u00bb93%\u00bb module_alignment=\u00bbright\u00bb custom_margin=\u00bb|-27px||-5px||\u00bb custom_padding=\u00bb|4px||||\u00bb global_colors_info=\u00bb{}\u00bb][\/et_pb_image][et_pb_text _builder_version=\u00bb4.9.2&#8243; _module_preset=\u00bbdefault\u00bb text_font=\u00bbOpen Sans|600|||||||\u00bb text_font_size_tablet=\u00bb\u00bb text_font_size_phone=\u00bb\u00bb text_font_size_last_edited=\u00bbon|phone\u00bb global_colors_info=\u00bb{}\u00bb]<\/p>\n<p style=\"text-align: center;\"><span style=\"color: #333333;\">Certificacio\u0301n ISO 9001. Procesos. <\/span><\/p>\n<p>[\/et_pb_text][\/et_pb_column][et_pb_column type=\u00bb1_2&#8243; _builder_version=\u00bb4.9.2&#8243; _module_preset=\u00bbdefault\u00bb global_colors_info=\u00bb{}\u00bb][et_pb_image src=\u00bbhttps:\/\/bravoizquierdo.cl\/temp\/wp-content\/uploads\/2021\/04\/h6-2.jpg\u00bb title_text=\u00bbh1&#8243; align_tablet=\u00bb\u00bb align_phone=\u00bb\u00bb align_last_edited=\u00bbon|phone\u00bb _builder_version=\u00bb4.9.2&#8243; _module_preset=\u00bbdefault\u00bb max_width=\u00bb93%\u00bb module_alignment=\u00bbleft\u00bb custom_margin=\u00bb|-27px||-5px||\u00bb custom_padding=\u00bb0px|4px||||\u00bb global_colors_info=\u00bb{}\u00bb][\/et_pb_image][et_pb_text _builder_version=\u00bb4.9.2&#8243; _module_preset=\u00bbdefault\u00bb text_font=\u00bbOpen Sans|600|||||||\u00bb text_font_size_tablet=\u00bb\u00bb text_font_size_phone=\u00bb\u00bb text_font_size_last_edited=\u00bbon|phone\u00bb global_colors_info=\u00bb{}\u00bb]<\/p>\n<p style=\"text-align: center;\"><span style=\"color: #333333;\">Traspaso Generacional. <\/span><\/p>\n<p>[\/et_pb_text][\/et_pb_column][\/et_pb_row][et_pb_row column_structure=\u00bb1_2,1_2&#8243; use_custom_gutter=\u00bbon\u00bb gutter_width=\u00bb1&#8243; make_equal=\u00bbon\u00bb disabled_on=\u00bboff|on|on\u00bb _builder_version=\u00bb4.9.2&#8243; _module_preset=\u00bbdefault\u00bb module_alignment=\u00bbcenter\u00bb custom_css_main_element=\u00bbDISPLAY: FLEX;\u00bb global_colors_info=\u00bb{}\u00bb][et_pb_column type=\u00bb1_2&#8243; _builder_version=\u00bb4.9.2&#8243; _module_preset=\u00bbdefault\u00bb global_colors_info=\u00bb{}\u00bb][et_pb_image src=\u00bbhttps:\/\/bravoizquierdo.cl\/temp\/wp-content\/uploads\/2021\/04\/h7-1.jpg\u00bb title_text=\u00bbh1&#8243; align_tablet=\u00bb\u00bb align_phone=\u00bbright\u00bb align_last_edited=\u00bbon|phone\u00bb _builder_version=\u00bb4.9.2&#8243; _module_preset=\u00bbdefault\u00bb max_width=\u00bb93%\u00bb module_alignment=\u00bbright\u00bb custom_margin=\u00bb|-27px||-5px||\u00bb custom_padding=\u00bb|4px||||\u00bb global_colors_info=\u00bb{}\u00bb][\/et_pb_image][et_pb_text _builder_version=\u00bb4.9.2&#8243; _module_preset=\u00bbdefault\u00bb text_font=\u00bbOpen Sans|600|||||||\u00bb text_font_size_tablet=\u00bb\u00bb text_font_size_phone=\u00bb\u00bb text_font_size_last_edited=\u00bbon|phone\u00bb global_colors_info=\u00bb{}\u00bb]<\/p>\n<p style=\"text-align: center;\"><span style=\"color: #333333;\">Casa Central Badajoz. Innovacio\u0301n. <\/span><\/p>\n<p>[\/et_pb_text][\/et_pb_column][et_pb_column type=\u00bb1_2&#8243; _builder_version=\u00bb4.9.2&#8243; _module_preset=\u00bbdefault\u00bb global_colors_info=\u00bb{}\u00bb][et_pb_image src=\u00bbhttps:\/\/bravoizquierdo.cl\/temp\/wp-content\/uploads\/2021\/04\/h6-1.jpg\u00bb title_text=\u00bbh1&#8243; align_tablet=\u00bb\u00bb align_phone=\u00bb\u00bb align_last_edited=\u00bbon|phone\u00bb _builder_version=\u00bb4.9.2&#8243; _module_preset=\u00bbdefault\u00bb max_width=\u00bb93%\u00bb module_alignment=\u00bbleft\u00bb custom_margin=\u00bb|-27px||-5px||\u00bb custom_padding=\u00bb0px|4px||||\u00bb global_colors_info=\u00bb{}\u00bb][\/et_pb_image][et_pb_text _builder_version=\u00bb4.9.2&#8243; _module_preset=\u00bbdefault\u00bb text_font=\u00bbOpen Sans|600|||||||\u00bb text_font_size_tablet=\u00bb\u00bb text_font_size_phone=\u00bb\u00bb text_font_size_last_edited=\u00bbon|phone\u00bb global_colors_info=\u00bb{}\u00bb]<\/p>\n<p style=\"text-align: center;\">Sostenibilidad<\/p>\n<p>[\/et_pb_text][\/et_pb_column][\/et_pb_row][et_pb_row column_structure=\u00bb1_4,1_4,1_4,1_4&#8243; disabled_on=\u00bbon|off|off\u00bb admin_label=\u00bbHISTORIA IMAGENES\u00bb _builder_version=\u00bb4.9.2&#8243; _module_preset=\u00bbdefault\u00bb width=\u00bb75%\u00bb custom_padding=\u00bb4px|||||\u00bb global_colors_info=\u00bb{}\u00bb][et_pb_column type=\u00bb1_4&#8243; _builder_version=\u00bb4.9.2&#8243; _module_preset=\u00bbdefault\u00bb global_colors_info=\u00bb{}\u00bb][et_pb_image src=\u00bbhttps:\/\/bravoizquierdo.cl\/temp\/wp-content\/uploads\/2021\/04\/h1.jpg\u00bb title_text=\u00bbh1&#8243; align_tablet=\u00bb\u00bb align_phone=\u00bbcenter\u00bb align_last_edited=\u00bbon|phone\u00bb _builder_version=\u00bb4.9.2&#8243; _module_preset=\u00bbdefault\u00bb custom_margin=\u00bb|-27px||-5px||\u00bb custom_padding=\u00bb|4px||||\u00bb global_colors_info=\u00bb{}\u00bb][\/et_pb_image][et_pb_text _builder_version=\u00bb4.9.2&#8243; _module_preset=\u00bbdefault\u00bb text_font=\u00bb|600|||||||\u00bb text_font_size=\u00bb18px\u00bb global_colors_info=\u00bb{}\u00bb]<\/p>\n<p style=\"text-align: center;\"><span style=\"color: #333333;\">Formacio\u0301n y crecimiento. Oficina Bandera, Santiago. <\/span><\/p>\n<p>[\/et_pb_text][\/et_pb_column][et_pb_column type=\u00bb1_4&#8243; _builder_version=\u00bb4.9.2&#8243; _module_preset=\u00bbdefault\u00bb global_colors_info=\u00bb{}\u00bb][et_pb_image src=\u00bbhttps:\/\/bravoizquierdo.cl\/temp\/wp-content\/uploads\/2021\/04\/h2.jpg\u00bb title_text=\u00bbh1&#8243; align_tablet=\u00bb\u00bb align_phone=\u00bbcenter\u00bb align_last_edited=\u00bbon|phone\u00bb _builder_version=\u00bb4.9.2&#8243; _module_preset=\u00bbdefault\u00bb custom_margin=\u00bb|-27px||-5px||\u00bb custom_padding=\u00bb|4px||||\u00bb global_colors_info=\u00bb{}\u00bb][\/et_pb_image][et_pb_text _builder_version=\u00bb4.9.2&#8243; _module_preset=\u00bbdefault\u00bb text_font=\u00bb|600|||||||\u00bb text_font_size=\u00bb18px\u00bb global_colors_info=\u00bb{}\u00bb]<\/p>\n<p style=\"text-align: center;\"><span style=\"color: #333333;\">Oficina Punta Arenas. Oficina Iquique. <\/span><\/p>\n<p>[\/et_pb_text][\/et_pb_column][et_pb_column type=\u00bb1_4&#8243; _builder_version=\u00bb4.9.2&#8243; _module_preset=\u00bbdefault\u00bb global_colors_info=\u00bb{}\u00bb][et_pb_image src=\u00bbhttps:\/\/bravoizquierdo.cl\/temp\/wp-content\/uploads\/2021\/04\/h3.jpg\u00bb title_text=\u00bbh1&#8243; align_tablet=\u00bb\u00bb align_phone=\u00bbcenter\u00bb align_last_edited=\u00bbon|phone\u00bb _builder_version=\u00bb4.9.2&#8243; _module_preset=\u00bbdefault\u00bb custom_margin=\u00bb|-27px||-5px||\u00bb custom_padding=\u00bb|4px||||\u00bb global_colors_info=\u00bb{}\u00bb][\/et_pb_image][et_pb_text _builder_version=\u00bb4.9.2&#8243; _module_preset=\u00bbdefault\u00bb text_font=\u00bb|600|||||||\u00bb text_font_size=\u00bb18px\u00bb global_colors_info=\u00bb{}\u00bb]<\/p>\n<p style=\"text-align: center;\"><span style=\"color: #333333;\">Oficina Vin\u0303a del Mar. Industrializacio\u0301n. <\/span><\/p>\n<p>[\/et_pb_text][\/et_pb_column][et_pb_column type=\u00bb1_4&#8243; _builder_version=\u00bb4.9.2&#8243; _module_preset=\u00bbdefault\u00bb global_colors_info=\u00bb{}\u00bb][et_pb_image src=\u00bbhttps:\/\/bravoizquierdo.cl\/temp\/wp-content\/uploads\/2021\/04\/h4.jpg\u00bb title_text=\u00bbh1&#8243; align_tablet=\u00bb\u00bb align_phone=\u00bbcenter\u00bb align_last_edited=\u00bbon|phone\u00bb _builder_version=\u00bb4.9.2&#8243; _module_preset=\u00bbdefault\u00bb custom_margin=\u00bb|-27px||-5px||\u00bb custom_padding=\u00bb|4px||||\u00bb global_colors_info=\u00bb{}\u00bb][\/et_pb_image][et_pb_text _builder_version=\u00bb4.9.2&#8243; _module_preset=\u00bbdefault\u00bb text_font=\u00bb|600|||||||\u00bb text_font_size=\u00bb18px\u00bb global_colors_info=\u00bb{}\u00bb]<\/p>\n<p style=\"text-align: center;\"><span style=\"color: #333333;\">Oficina Pedro de Valdivia. D\u00b0 de personas. <\/span><\/p>\n<p>[\/et_pb_text][\/et_pb_column][\/et_pb_row][et_pb_row column_structure=\u00bb1_4,1_4,1_4,1_4&#8243; disabled_on=\u00bbon|off|off\u00bb _builder_version=\u00bb4.9.2&#8243; _module_preset=\u00bbdefault\u00bb width=\u00bb75%\u00bb custom_padding=\u00bb4px|||||\u00bb global_colors_info=\u00bb{}\u00bb][et_pb_column type=\u00bb1_4&#8243; _builder_version=\u00bb4.9.2&#8243; _module_preset=\u00bbdefault\u00bb global_colors_info=\u00bb{}\u00bb][et_pb_image src=\u00bbhttps:\/\/bravoizquierdo.cl\/temp\/wp-content\/uploads\/2021\/04\/h5-1.jpg\u00bb title_text=\u00bbh1&#8243; align_tablet=\u00bb\u00bb align_phone=\u00bbcenter\u00bb align_last_edited=\u00bbon|phone\u00bb _builder_version=\u00bb4.9.2&#8243; _module_preset=\u00bbdefault\u00bb custom_margin=\u00bb|-27px||-5px||\u00bb custom_padding=\u00bb|4px||||\u00bb global_colors_info=\u00bb{}\u00bb][\/et_pb_image][et_pb_text _builder_version=\u00bb4.9.2&#8243; _module_preset=\u00bbdefault\u00bb text_font=\u00bb|600|||||||\u00bb text_font_size=\u00bb18px\u00bb global_colors_info=\u00bb{}\u00bb]<\/p>\n<p style=\"text-align: center;\"><span style=\"color: #333333;\">Certificacio\u0301n ISO 9001. Procesos. <\/span><\/p>\n<p>[\/et_pb_text][\/et_pb_column][et_pb_column type=\u00bb1_4&#8243; _builder_version=\u00bb4.9.2&#8243; _module_preset=\u00bbdefault\u00bb global_colors_info=\u00bb{}\u00bb][et_pb_image src=\u00bbhttps:\/\/bravoizquierdo.cl\/temp\/wp-content\/uploads\/2021\/04\/h6-2.jpg\u00bb title_text=\u00bbh1&#8243; align_tablet=\u00bb\u00bb align_phone=\u00bbcenter\u00bb align_last_edited=\u00bbon|phone\u00bb _builder_version=\u00bb4.9.2&#8243; _module_preset=\u00bbdefault\u00bb custom_margin=\u00bb|-27px||-5px||\u00bb custom_padding=\u00bb|4px||||\u00bb global_colors_info=\u00bb{}\u00bb][\/et_pb_image][et_pb_text _builder_version=\u00bb4.9.2&#8243; _module_preset=\u00bbdefault\u00bb text_font=\u00bb|600|||||||\u00bb text_font_size=\u00bb18px\u00bb global_colors_info=\u00bb{}\u00bb]<\/p>\n<p style=\"text-align: center;\"><span style=\"color: #333333;\">Traspaso Generacional. <\/span><\/p>\n<p>[\/et_pb_text][\/et_pb_column][et_pb_column type=\u00bb1_4&#8243; _builder_version=\u00bb4.9.2&#8243; _module_preset=\u00bbdefault\u00bb global_colors_info=\u00bb{}\u00bb][et_pb_image src=\u00bbhttps:\/\/bravoizquierdo.cl\/temp\/wp-content\/uploads\/2021\/04\/h7-1.jpg\u00bb title_text=\u00bbh1&#8243; align_tablet=\u00bb\u00bb align_phone=\u00bbcenter\u00bb align_last_edited=\u00bbon|phone\u00bb _builder_version=\u00bb4.9.2&#8243; _module_preset=\u00bbdefault\u00bb custom_margin=\u00bb|-27px||-5px||\u00bb custom_padding=\u00bb|4px||||\u00bb global_colors_info=\u00bb{}\u00bb][\/et_pb_image][et_pb_text _builder_version=\u00bb4.9.2&#8243; _module_preset=\u00bbdefault\u00bb text_font=\u00bb|600|||||||\u00bb text_font_size=\u00bb18px\u00bb global_colors_info=\u00bb{}\u00bb]<\/p>\n<p style=\"text-align: center;\"><span style=\"color: #333333;\">Casa Central Badajoz. Innovacio\u0301n. <\/span><\/p>\n<p>[\/et_pb_text][\/et_pb_column][et_pb_column type=\u00bb1_4&#8243; _builder_version=\u00bb4.9.2&#8243; _module_preset=\u00bbdefault\u00bb global_colors_info=\u00bb{}\u00bb][et_pb_image src=\u00bbhttps:\/\/bravoizquierdo.cl\/temp\/wp-content\/uploads\/2021\/04\/h6-1.jpg\u00bb title_text=\u00bbh1&#8243; align_tablet=\u00bb\u00bb align_phone=\u00bbcenter\u00bb align_last_edited=\u00bbon|phone\u00bb _builder_version=\u00bb4.9.2&#8243; _module_preset=\u00bbdefault\u00bb custom_margin=\u00bb|-27px||-5px||\u00bb custom_padding=\u00bb|4px||||\u00bb global_colors_info=\u00bb{}\u00bb][\/et_pb_image][et_pb_text _builder_version=\u00bb4.9.2&#8243; _module_preset=\u00bbdefault\u00bb text_font=\u00bb|600|||||||\u00bb text_font_size=\u00bb18px\u00bb global_colors_info=\u00bb{}\u00bb]<\/p>\n<p style=\"text-align: center;\"><span style=\"color: #333333;\">Sostenibilidad. <\/span><\/p>\n<p>[\/et_pb_text][\/et_pb_column][\/et_pb_row][\/et_pb_section][et_pb_section fb_built=\u00bb1&#8243; disabled_on=\u00bboff|on|on\u00bb admin_label=\u00bbGOBERNANZA VERSION MOVIL\u00bb _builder_version=\u00bb4.9.2&#8243; _module_preset=\u00bbdefault\u00bb use_background_color_gradient=\u00bbon\u00bb background_color_gradient_start=\u00bb#000000&#8243; background_color_gradient_end=\u00bb#8b1813&#8243; background_color_gradient_direction=\u00bb90deg\u00bb background_image=\u00bbhttps:\/\/bravoizquierdo.cl\/temp\/wp-content\/uploads\/2021\/04\/Web-BI-8-1_page7_image10.png\u00bb background_last_edited=\u00bbon|desktop\u00bb global_colors_info=\u00bb{}\u00bb][et_pb_row _builder_version=\u00bb4.9.2&#8243; _module_preset=\u00bbdefault\u00bb global_colors_info=\u00bb{}\u00bb][et_pb_column type=\u00bb4_4&#8243; _builder_version=\u00bb4.9.2&#8243; _module_preset=\u00bbdefault\u00bb global_colors_info=\u00bb{}\u00bb][et_pb_text _builder_version=\u00bb4.9.2&#8243; text_font=\u00bbOpen Sans|600|||||||\u00bb text_text_color=\u00bb#FFFFFF\u00bb text_font_size=\u00bb32px\u00bb text_line_height=\u00bb1.8em\u00bb link_font=\u00bbOpen Sans||||||||\u00bb link_text_color=\u00bb#0099e5&#8243; link_font_size=\u00bb18px\u00bb text_orientation=\u00bbcenter\u00bb width=\u00bb100%\u00bb module_alignment=\u00bbcenter\u00bb custom_margin=\u00bb|||\u00bb custom_margin_tablet=\u00bb\u00bb custom_margin_phone=\u00bb\u00bb custom_margin_last_edited=\u00bbon|phone\u00bb custom_padding=\u00bb2px|||||\u00bb custom_padding_tablet=\u00bb\u00bb custom_padding_phone=\u00bb0px||||false|false\u00bb custom_padding_last_edited=\u00bbon|phone\u00bb text_font_size_tablet=\u00bb\u00bb text_font_size_phone=\u00bb20px\u00bb text_font_size_last_edited=\u00bbon|phone\u00bb global_colors_info=\u00bb{}\u00bb]<\/p>\n<div class=\"page\" title=\"Page 2\">\n<div class=\"section\">\n<div class=\"layoutArea\">\n<div class=\"column\">\n<p><span style=\"color: #ffffff;\">GOBERNANZA<\/span><\/p>\n<\/div>\n<\/div>\n<\/div>\n<\/div>\n<p>[\/et_pb_text][et_pb_text _builder_version=\u00bb4.9.2&#8243; text_font=\u00bbOpen Sans|600|||||||\u00bb text_font_size=\u00bb18px\u00bb text_line_height=\u00bb1.8em\u00bb link_font=\u00bbOpen Sans||||||||\u00bb link_text_color=\u00bb#0099e5&#8243; link_font_size=\u00bb18px\u00bb text_orientation=\u00bbcenter\u00bb width=\u00bb100%\u00bb width_tablet=\u00bb\u00bb width_phone=\u00bb85%\u00bb width_last_edited=\u00bbon|phone\u00bb module_alignment=\u00bbcenter\u00bb custom_margin=\u00bb|||\u00bb custom_padding=\u00bb26px|||||\u00bb custom_padding_tablet=\u00bb\u00bb custom_padding_phone=\u00bb0px||||false|false\u00bb custom_padding_last_edited=\u00bbon|phone\u00bb text_font_size_tablet=\u00bb\u00bb text_font_size_phone=\u00bb14px\u00bb text_font_size_last_edited=\u00bbon|phone\u00bb global_colors_info=\u00bb{}\u00bb]<\/p>\n<p><span><span style=\"color: #ffffff;\">Es la estructura de gestio\u0301n de la compan\u0303i\u0301a para la toma de decisiones. Se manifiesta como el soporte en el cual se basa la orga\u0301nica para llevar a cabo sus procesos; para controlarlos, optimizarlos o cambiarlos en forma eficiente y constante. Gracias a sus poli\u0301ticas empresariales la compan\u0303i\u0301a ha logrado importantes reconocimientos, posiciona\u0301ndose como referente en el rubro de la construccio\u0301n.<\/span> <\/span><\/p>\n<p>[\/et_pb_text][\/et_pb_column][\/et_pb_row][et_pb_row _builder_version=\u00bb4.9.2&#8243; _module_preset=\u00bbdefault\u00bb global_colors_info=\u00bb{}\u00bb][et_pb_column type=\u00bb4_4&#8243; _builder_version=\u00bb4.9.2&#8243; _module_preset=\u00bbdefault\u00bb global_colors_info=\u00bb{}\u00bb][et_pb_text _builder_version=\u00bb4.9.2&#8243; _module_preset=\u00bbdefault\u00bb header_3_font=\u00bbOpen Sans||||||||\u00bb header_3_font_size_phone=\u00bb20px\u00bb header_3_font_size_last_edited=\u00bboff|phone\u00bb global_colors_info=\u00bb{}\u00bb]<\/p>\n<h3 style=\"text-align: center;\"><span><span style=\"color: #ffffff;\">DIRECTORIO<\/span> <\/span><\/h3>\n<p>[\/et_pb_text][\/et_pb_column][\/et_pb_row][et_pb_row column_structure=\u00bb1_2,1_2&#8243; disabled_on=\u00bboff|on|on\u00bb _builder_version=\u00bb4.9.2&#8243; _module_preset=\u00bbdefault\u00bb custom_margin=\u00bb-22px|auto||auto||\u00bb custom_padding=\u00bb||10px|||\u00bb custom_css_main_element=\u00bbdisplay:flex;\u00bb border_width_bottom=\u00bb1px\u00bb border_color_bottom=\u00bb#FFFFFF\u00bb global_colors_info=\u00bb{}\u00bb][et_pb_column type=\u00bb1_2&#8243; _builder_version=\u00bb4.9.2&#8243; _module_preset=\u00bbdefault\u00bb global_colors_info=\u00bb{}\u00bb][et_pb_image src=\u00bbhttps:\/\/bravoizquierdo.cl\/temp\/wp-content\/uploads\/2021\/04\/ejemplofoto.png\u00bb title_text=\u00bbejemplofoto\u00bb align=\u00bbcenter\u00bb _builder_version=\u00bb4.9.2&#8243; _module_preset=\u00bbdefault\u00bb width=\u00bb77%\u00bb module_alignment=\u00bbcenter\u00bb global_colors_info=\u00bb{}\u00bb][\/et_pb_image][et_pb_text _builder_version=\u00bb4.9.2&#8243; _module_preset=\u00bbdefault\u00bb text_font=\u00bbOpen Sans|300|||||||\u00bb text_font_size=\u00bb10px\u00bb text_line_height=\u00bb1.6em\u00bb custom_margin=\u00bb-22px||||false|false\u00bb global_colors_info=\u00bb{}\u00bb]<\/p>\n<p style=\"text-align: center;\"><span style=\"color: #ffffff;\">Luis He\u0301ctor Bravo Garreto\u0301n.<br \/>Presidente y Socio Fundador.<\/span><\/p>\n<p>[\/et_pb_text][\/et_pb_column][et_pb_column type=\u00bb1_2&#8243; _builder_version=\u00bb4.9.2&#8243; _module_preset=\u00bbdefault\u00bb global_colors_info=\u00bb{}\u00bb][et_pb_image src=\u00bbhttps:\/\/bravoizquierdo.cl\/temp\/wp-content\/uploads\/2021\/04\/foto2.png\u00bb title_text=\u00bbfoto2&#8243; align=\u00bbcenter\u00bb _builder_version=\u00bb4.9.2&#8243; _module_preset=\u00bbdefault\u00bb width=\u00bb77%\u00bb module_alignment=\u00bbcenter\u00bb global_colors_info=\u00bb{}\u00bb][\/et_pb_image][et_pb_text _builder_version=\u00bb4.10.8&#8243; _module_preset=\u00bbdefault\u00bb text_font=\u00bbOpen Sans|300|||||||\u00bb text_font_size=\u00bb10px\u00bb text_line_height=\u00bb1.6em\u00bb custom_margin=\u00bb-22px||||false|false\u00bb hover_enabled=\u00bb0&#8243; global_colors_info=\u00bb{}\u00bb sticky_enabled=\u00bb0&#8243;]<\/p>\n<p style=\"text-align: center;\"><span style=\"color: #ffffff;\">Mati\u0301as Anselmo Izquierdo Mene\u0301ndez,<\/span><br \/><span style=\"color: #ffffff;\">Socio Fundador.<\/span><\/p>\n<p>[\/et_pb_text][\/et_pb_column][\/et_pb_row][et_pb_row disabled_on=\u00bboff|on|on\u00bb _builder_version=\u00bb4.9.2&#8243; _module_preset=\u00bbdefault\u00bb custom_padding=\u00bb18px||28px|||\u00bb custom_css_main_element=\u00bbdisplay:flex;\u00bb border_width_bottom=\u00bb1px\u00bb border_color_bottom=\u00bb#FFFFFF\u00bb global_colors_info=\u00bb{}\u00bb][et_pb_column type=\u00bb4_4&#8243; _builder_version=\u00bb4.9.2&#8243; _module_preset=\u00bbdefault\u00bb global_colors_info=\u00bb{}\u00bb][et_pb_image src=\u00bbhttps:\/\/bravoizquierdo.cl\/temp\/wp-content\/uploads\/2021\/04\/foto3.png\u00bb title_text=\u00bbfoto3&#8243; align=\u00bbcenter\u00bb _builder_version=\u00bb4.9.2&#8243; _module_preset=\u00bbdefault\u00bb width=\u00bb39%\u00bb module_alignment=\u00bbcenter\u00bb custom_margin=\u00bb12px|||||\u00bb global_colors_info=\u00bb{}\u00bb][\/et_pb_image][et_pb_text _builder_version=\u00bb4.9.2&#8243; _module_preset=\u00bbdefault\u00bb text_font=\u00bbOpen Sans|300|||||||\u00bb text_font_size=\u00bb10px\u00bb text_line_height=\u00bb1.6em\u00bb custom_margin=\u00bb-22px||||false|false\u00bb global_colors_info=\u00bb{}\u00bb]<\/p>\n<p style=\"text-align: center;\"><span style=\"color: #ffffff;\">Luis He\u0301ctor Bravo Herreros.<br \/> Gerente General.<\/span><\/p>\n<p>[\/et_pb_text][\/et_pb_column][\/et_pb_row][et_pb_row column_structure=\u00bb1_2,1_2&#8243; disabled_on=\u00bboff|on|on\u00bb admin_label=\u00bbDIRECTORIO MOVIL\u00bb _builder_version=\u00bb4.9.2&#8243; _module_preset=\u00bbdefault\u00bb custom_margin=\u00bb3px|auto||auto||\u00bb custom_padding=\u00bb||1px|||\u00bb custom_css_main_element=\u00bbdisplay:flex;\u00bb global_colors_info=\u00bb{}\u00bb][et_pb_column type=\u00bb1_2&#8243; _builder_version=\u00bb4.9.2&#8243; _module_preset=\u00bbdefault\u00bb global_colors_info=\u00bb{}\u00bb][et_pb_image src=\u00bbhttps:\/\/bravoizquierdo.cl\/temp\/wp-content\/uploads\/2021\/04\/foto4.png\u00bb title_text=\u00bbfoto4&#8243; align=\u00bbcenter\u00bb _builder_version=\u00bb4.9.2&#8243; _module_preset=\u00bbdefault\u00bb max_width=\u00bb86%\u00bb module_alignment=\u00bbcenter\u00bb max_height=\u00bb315px\u00bb max_height_tablet=\u00bb\u00bb max_height_phone=\u00bb\u00bb max_height_last_edited=\u00bbon|phone\u00bb global_colors_info=\u00bb{}\u00bb][\/et_pb_image][et_pb_text _builder_version=\u00bb4.10.8&#8243; _module_preset=\u00bbdefault\u00bb text_font=\u00bbOpen Sans|300|||||||\u00bb text_font_size=\u00bb10px\u00bb text_line_height=\u00bb1.6em\u00bb custom_margin=\u00bb-22px||||false|false\u00bb hover_enabled=\u00bb0&#8243; global_colors_info=\u00bb{}\u00bb sticky_enabled=\u00bb0&#8243;]<\/p>\n<p style=\"text-align: center;\"><span style=\"color: #ffffff;\">Pedro Izquierdo G.<br \/> Gerente de  Nuevos Negocios.<\/span><\/p>\n<p>[\/et_pb_text][\/et_pb_column][et_pb_column type=\u00bb1_2&#8243; _builder_version=\u00bb4.9.2&#8243; _module_preset=\u00bbdefault\u00bb global_colors_info=\u00bb{}\u00bb][et_pb_image src=\u00bbhttps:\/\/bravoizquierdo.cl\/temp\/wp-content\/uploads\/2021\/04\/foto5-1.png\u00bb title_text=\u00bbfoto5&#8243; align=\u00bbcenter\u00bb _builder_version=\u00bb4.9.2&#8243; _module_preset=\u00bbdefault\u00bb max_width=\u00bb86%\u00bb module_alignment=\u00bbcenter\u00bb max_height=\u00bb315px\u00bb max_height_tablet=\u00bb\u00bb max_height_phone=\u00bb\u00bb max_height_last_edited=\u00bbon|phone\u00bb global_colors_info=\u00bb{}\u00bb][\/et_pb_image][et_pb_text _builder_version=\u00bb4.10.8&#8243; _module_preset=\u00bbdefault\u00bb text_font=\u00bbOpen Sans|300|||||||\u00bb text_font_size=\u00bb10px\u00bb text_line_height=\u00bb1.6em\u00bb custom_margin=\u00bb-22px||||false|false\u00bb hover_enabled=\u00bb0&#8243; global_colors_info=\u00bb{}\u00bb sticky_enabled=\u00bb0&#8243;]<\/p>\n<p style=\"text-align: center;\"><span style=\"color: #ffffff;\">Javier Alarco\u0301n C.<\/span><br \/><span style=\"color: #ffffff;\">Gerente de Desarrollo e Innovacio\u0301n<br \/>\ny  Representante de<br \/>\nSocios Minoritarios en Directorio.<\/span><\/p>\n<p>[\/et_pb_text][\/et_pb_column][\/et_pb_row][et_pb_row column_structure=\u00bb1_2,1_2&#8243; disabled_on=\u00bboff|on|on\u00bb admin_label=\u00bbDIRECTORIO MOVIL\u00bb _builder_version=\u00bb4.9.2&#8243; _module_preset=\u00bbdefault\u00bb custom_margin=\u00bb3px|auto||auto||\u00bb custom_padding=\u00bb||1px|||\u00bb custom_css_main_element=\u00bbdisplay:flex;\u00bb global_colors_info=\u00bb{}\u00bb][et_pb_column type=\u00bb1_2&#8243; _builder_version=\u00bb4.9.2&#8243; _module_preset=\u00bbdefault\u00bb global_colors_info=\u00bb{}\u00bb][et_pb_image src=\u00bbhttps:\/\/bravoizquierdo.cl\/temp\/wp-content\/uploads\/2021\/05\/JUAN-PABLO-GRASINS.png\u00bb title_text=\u00bbJUAN-PABLO-GRASINS\u00bb align=\u00bbcenter\u00bb _builder_version=\u00bb4.9.2&#8243; _module_preset=\u00bbdefault\u00bb max_width=\u00bb86%\u00bb module_alignment=\u00bbcenter\u00bb max_height=\u00bb315px\u00bb max_height_tablet=\u00bb\u00bb max_height_phone=\u00bb\u00bb max_height_last_edited=\u00bbon|phone\u00bb global_colors_info=\u00bb{}\u00bb][\/et_pb_image][et_pb_text _builder_version=\u00bb4.9.2&#8243; _module_preset=\u00bbdefault\u00bb text_font=\u00bbOpen Sans|300|||||||\u00bb text_font_size=\u00bb10px\u00bb text_line_height=\u00bb1.6em\u00bb custom_margin=\u00bb-22px||||false|false\u00bb locked=\u00bboff\u00bb global_colors_info=\u00bb{}\u00bb]<\/p>\n<p style=\"text-align: center;\"><span style=\"color: #ffffff;\">Juan Pablo Grasins S. <br \/>Gerente de Construcci\u00f3n <\/span><span><\/span><\/p>\n<p>[\/et_pb_text][et_pb_text _builder_version=\u00bb4.10.8&#8243; _module_preset=\u00bbdefault\u00bb text_font=\u00bbOpen Sans|300|||||||\u00bb text_font_size=\u00bb10px\u00bb text_line_height=\u00bb1.6em\u00bb custom_margin=\u00bb-22px||||false|false\u00bb hover_enabled=\u00bb0&#8243; global_colors_info=\u00bb{}\u00bb sticky_enabled=\u00bb0&#8243;]<\/p>\n<p style=\"text-align: center;\"><span style=\"color: #ffffff;\">Pedro Izquierdo G.<br \/> Gerente de  Nuevos Negocios.<\/span><\/p>\n<p>[\/et_pb_text][\/et_pb_column][et_pb_column type=\u00bb1_2&#8243; _builder_version=\u00bb4.9.2&#8243; _module_preset=\u00bbdefault\u00bb global_colors_info=\u00bb{}\u00bb][et_pb_image src=\u00bbhttps:\/\/bravoizquierdo.cl\/temp\/wp-content\/uploads\/2021\/09\/JUAN-PABLO-IBANEZ-A-BI-1.png\u00bb title_text=\u00bbJUAN-PABLO-IBANEZ-A-BI-1&#8243; align=\u00bbcenter\u00bb _builder_version=\u00bb4.10.8&#8243; _module_preset=\u00bbdefault\u00bb max_width=\u00bb86%\u00bb module_alignment=\u00bbcenter\u00bb max_height=\u00bb315px\u00bb max_height_tablet=\u00bb\u00bb max_height_phone=\u00bb\u00bb max_height_last_edited=\u00bbon|phone\u00bb hover_enabled=\u00bb0&#8243; global_colors_info=\u00bb{}\u00bb sticky_enabled=\u00bb0&#8243;][\/et_pb_image][et_pb_text _builder_version=\u00bb4.10.8&#8243; _module_preset=\u00bbdefault\u00bb text_font=\u00bbOpen Sans|300|||||||\u00bb text_font_size=\u00bb10px\u00bb text_line_height=\u00bb1.6em\u00bb custom_margin=\u00bb-22px||||false|false\u00bb hover_enabled=\u00bb0&#8243; global_colors_info=\u00bb{}\u00bb sticky_enabled=\u00bb0&#8243; text_text_color=\u00bb#FFFFFF\u00bb]<\/p>\n<p style=\"text-align: center;\">Juan Pablo Ib\u00e1\u00f1ez A.<br \/>\nGerente de Ingenier\u00eda.<\/p>\n<p>[\/et_pb_text][\/et_pb_column][\/et_pb_row][et_pb_row column_structure=\u00bb1_2,1_2&#8243; disabled_on=\u00bboff|on|on\u00bb admin_label=\u00bbDIRECTORIO MOVIL\u00bb _builder_version=\u00bb4.9.2&#8243; _module_preset=\u00bbdefault\u00bb custom_margin=\u00bb3px|auto||auto||\u00bb custom_padding=\u00bb||1px|||\u00bb custom_css_main_element=\u00bbdisplay:flex;\u00bb global_colors_info=\u00bb{}\u00bb][et_pb_column type=\u00bb1_2&#8243; _builder_version=\u00bb4.9.2&#8243; _module_preset=\u00bbdefault\u00bb global_colors_info=\u00bb{}\u00bb][et_pb_image src=\u00bbhttps:\/\/bravoizquierdo.cl\/temp\/wp-content\/uploads\/2021\/04\/foto7.png\u00bb title_text=\u00bbfoto7&#8243; align=\u00bbcenter\u00bb _builder_version=\u00bb4.9.2&#8243; _module_preset=\u00bbdefault\u00bb max_width=\u00bb86%\u00bb module_alignment=\u00bbcenter\u00bb max_height=\u00bb315px\u00bb max_height_tablet=\u00bb\u00bb max_height_phone=\u00bb\u00bb max_height_last_edited=\u00bbon|phone\u00bb global_colors_info=\u00bb{}\u00bb][\/et_pb_image][et_pb_text _builder_version=\u00bb4.9.2&#8243; _module_preset=\u00bbdefault\u00bb text_font=\u00bbOpen Sans|300|||||||\u00bb text_font_size=\u00bb10px\u00bb text_line_height=\u00bb1.6em\u00bb custom_margin=\u00bb-22px||||false|false\u00bb global_colors_info=\u00bb{}\u00bb]<\/p>\n<p style=\"text-align: center;\"><span style=\"color: #ffffff;\">Claudia Urrutia O.<br \/>\n Gerente de Clientes y Planificaci\u00f3n.<\/span><\/p>\n<p>[\/et_pb_text][\/et_pb_column][et_pb_column type=\u00bb1_2&#8243; _builder_version=\u00bb4.9.2&#8243; _module_preset=\u00bbdefault\u00bb global_colors_info=\u00bb{}\u00bb][et_pb_image src=\u00bbhttps:\/\/bravoizquierdo.cl\/temp\/wp-content\/uploads\/2021\/04\/foto8.png\u00bb title_text=\u00bbfoto8&#8243; align=\u00bbcenter\u00bb _builder_version=\u00bb4.9.2&#8243; _module_preset=\u00bbdefault\u00bb max_width=\u00bb86%\u00bb module_alignment=\u00bbcenter\u00bb max_height=\u00bb315px\u00bb global_colors_info=\u00bb{}\u00bb][\/et_pb_image][et_pb_text _builder_version=\u00bb4.9.2&#8243; _module_preset=\u00bbdefault\u00bb text_font=\u00bbOpen Sans|300|||||||\u00bb text_font_size=\u00bb10px\u00bb text_line_height=\u00bb1.6em\u00bb custom_margin=\u00bb-22px||||false|false\u00bb global_colors_info=\u00bb{}\u00bb]<\/p>\n<p style=\"text-align: center;\"><span style=\"color: #ffffff;\">Nicola\u0301s Arenas O.<br \/>\nGerente de Gestio\u0301n y Sostenibilidad.<\/span><\/p>\n<p>[\/et_pb_text][\/et_pb_column][\/et_pb_row][et_pb_row column_structure=\u00bb1_2,1_2&#8243; disabled_on=\u00bboff|on|on\u00bb _builder_version=\u00bb4.9.2&#8243; _module_preset=\u00bbdefault\u00bb custom_css_main_element=\u00bbdisplay:flex;\u00bb global_colors_info=\u00bb{}\u00bb][et_pb_column type=\u00bb1_2&#8243; _builder_version=\u00bb4.9.2&#8243; _module_preset=\u00bbdefault\u00bb global_colors_info=\u00bb{}\u00bb][et_pb_image src=\u00bbhttps:\/\/bravoizquierdo.cl\/temp\/wp-content\/uploads\/2021\/04\/foto9.png\u00bb title_text=\u00bbfoto9&#8243; align=\u00bbcenter\u00bb _builder_version=\u00bb4.9.2&#8243; _module_preset=\u00bbdefault\u00bb max_width=\u00bb86%\u00bb module_alignment=\u00bbcenter\u00bb max_height=\u00bb315px\u00bb global_colors_info=\u00bb{}\u00bb][\/et_pb_image][et_pb_text _builder_version=\u00bb4.9.2&#8243; _module_preset=\u00bbdefault\u00bb text_font=\u00bbOpen Sans|300|||||||\u00bb text_font_size=\u00bb10px\u00bb text_line_height=\u00bb1.6em\u00bb custom_margin=\u00bb-22px||||false|false\u00bb global_colors_info=\u00bb{}\u00bb]<\/p>\n<p style=\"text-align: center;\"><span style=\"color: #ffffff;\">Jose\u0301 Ignacio Toro D.<br \/>\nGerente de Equipos,<br \/>\nMaquinaria y Log\u00edstica.<\/span><\/p>\n<\/div>\n<\/div>\n<\/div>\n<\/div>\n<\/div>\n<\/div>\n<\/div>\n<\/div>\n<\/div>\n<\/div>\n<\/div>\n<\/div>\n<p>[\/et_pb_text][\/et_pb_column][et_pb_column type=\u00bb1_2&#8243; _builder_version=\u00bb4.9.2&#8243; _module_preset=\u00bbdefault\u00bb global_colors_info=\u00bb{}\u00bb][et_pb_image src=\u00bbhttps:\/\/bravoizquierdo.cl\/temp\/wp-content\/uploads\/2021\/09\/JOSE-I-VALDIVIA-V1-1.png\u00bb title_text=\u00bbJOSE-I-VALDIVIA-V1-1&#8243; align=\u00bbcenter\u00bb _builder_version=\u00bb4.10.8&#8243; _module_preset=\u00bbdefault\u00bb max_width=\u00bb86%\u00bb module_alignment=\u00bbcenter\u00bb max_height=\u00bb315px\u00bb hover_enabled=\u00bb0&#8243; global_colors_info=\u00bb{}\u00bb sticky_enabled=\u00bb0&#8243;][\/et_pb_image][et_pb_text _builder_version=\u00bb4.10.8&#8243; _module_preset=\u00bbdefault\u00bb text_font=\u00bbOpen Sans|300|||||||\u00bb text_font_size=\u00bb10px\u00bb text_line_height=\u00bb1.6em\u00bb custom_margin=\u00bb-22px||||false|false\u00bb hover_enabled=\u00bb0&#8243; global_colors_info=\u00bb{}\u00bb sticky_enabled=\u00bb0&#8243;]<\/p>\n<p style=\"text-align: center;\"><span style=\"color: #ffffff;\">Jos\u00e9 Ignacio Valdivia M.<br \/>\nGerente de Administraci\u00f3n<br \/>\ny Finanzas.<\/span><\/p>\n<\/div>\n<\/div>\n<\/div>\n<\/div>\n<\/div>\n<\/div>\n<\/div>\n<\/div>\n<\/div>\n<\/div>\n<\/div>\n<\/div>\n<p>[\/et_pb_text][\/et_pb_column][\/et_pb_row][\/et_pb_section][et_pb_section fb_built=\u00bb1&#8243; disabled_on=\u00bbon|off|off\u00bb admin_label=\u00bbGOBERNANZA VERSION PC\u00bb _builder_version=\u00bb4.9.2&#8243; _module_preset=\u00bbdefault\u00bb use_background_color_gradient=\u00bbon\u00bb background_color_gradient_start=\u00bb#000000&#8243; background_color_gradient_end=\u00bb#8b1813&#8243; background_color_gradient_direction=\u00bb90deg\u00bb background_image=\u00bbhttps:\/\/bravoizquierdo.cl\/temp\/wp-content\/uploads\/2021\/04\/Web-BI-8-1_page7_image10.png\u00bb background_last_edited=\u00bbon|desktop\u00bb global_colors_info=\u00bb{}\u00bb][et_pb_row _builder_version=\u00bb4.9.2&#8243; _module_preset=\u00bbdefault\u00bb custom_padding=\u00bb0px||0px||true|false\u00bb global_colors_info=\u00bb{}\u00bb][et_pb_column type=\u00bb4_4&#8243; _builder_version=\u00bb4.9.2&#8243; _module_preset=\u00bbdefault\u00bb global_colors_info=\u00bb{}\u00bb][et_pb_text _builder_version=\u00bb4.9.2&#8243; text_font=\u00bbOpen Sans|600|||||||\u00bb text_text_color=\u00bb#FFFFFF\u00bb text_font_size=\u00bb32px\u00bb text_line_height=\u00bb1.8em\u00bb link_font=\u00bbOpen Sans||||||||\u00bb link_text_color=\u00bb#0099e5&#8243; link_font_size=\u00bb18px\u00bb text_orientation=\u00bbcenter\u00bb width=\u00bb100%\u00bb module_alignment=\u00bbcenter\u00bb custom_margin=\u00bb19px||||false|false\u00bb custom_margin_tablet=\u00bb\u00bb custom_margin_phone=\u00bb\u00bb custom_margin_last_edited=\u00bbon|phone\u00bb custom_padding=\u00bb||||false|false\u00bb custom_padding_tablet=\u00bb\u00bb custom_padding_phone=\u00bb0px||||false|false\u00bb custom_padding_last_edited=\u00bbon|phone\u00bb text_font_size_tablet=\u00bb\u00bb text_font_size_phone=\u00bb20px\u00bb text_font_size_last_edited=\u00bbon|phone\u00bb global_colors_info=\u00bb{}\u00bb]<\/p>\n<p>GOBERNANZA<\/p>\n<p>[\/et_pb_text][et_pb_text _builder_version=\u00bb4.9.2&#8243; text_font=\u00bbOpen Sans|600|||||||\u00bb text_text_color=\u00bb#FFFFFF\u00bb text_font_size=\u00bb17px\u00bb link_font=\u00bbOpen Sans||||||||\u00bb link_text_color=\u00bb#0099e5&#8243; link_font_size=\u00bb18px\u00bb text_orientation=\u00bbcenter\u00bb width=\u00bb100%\u00bb width_tablet=\u00bb\u00bb width_phone=\u00bb85%\u00bb width_last_edited=\u00bbon|phone\u00bb module_alignment=\u00bbcenter\u00bb custom_margin=\u00bb|||\u00bb custom_padding=\u00bb||17px||false|false\u00bb custom_padding_tablet=\u00bb\u00bb custom_padding_phone=\u00bb0px||||false|false\u00bb custom_padding_last_edited=\u00bbon|phone\u00bb text_font_size_tablet=\u00bb\u00bb text_font_size_phone=\u00bb14px\u00bb text_font_size_last_edited=\u00bbon|phone\u00bb global_colors_info=\u00bb{}\u00bb]<\/p>\n<p>Es la estructura de gestio\u0301n de la compan\u0303i\u0301a para la toma de decisiones. Se manifiesta como el soporte en el cual se basa la orga\u0301nica para llevar a cabo sus procesos; para controlarlos, optimizarlos o cambiarlos en forma eficiente y constante. Gracias a sus poli\u0301ticas empresariales la compan\u0303i\u0301a ha logrado importantes reconocimientos, posiciona\u0301ndose como referente en el rubro de la construccio\u0301n.<\/p>\n<p>[\/et_pb_text][\/et_pb_column][\/et_pb_row][et_pb_row _builder_version=\u00bb4.9.2&#8243; _module_preset=\u00bbdefault\u00bb global_colors_info=\u00bb{}\u00bb][et_pb_column type=\u00bb4_4&#8243; _builder_version=\u00bb4.9.2&#8243; _module_preset=\u00bbdefault\u00bb global_colors_info=\u00bb{}\u00bb][et_pb_text _builder_version=\u00bb4.9.2&#8243; _module_preset=\u00bbdefault\u00bb text_font=\u00bbOpen Sans|600|||||||\u00bb text_text_color=\u00bb#FFFFFF\u00bb text_font_size=\u00bb32px\u00bb text_line_height=\u00bb1.8em\u00bb link_font=\u00bbOpen Sans||||||||\u00bb link_text_color=\u00bb#0099e5&#8243; link_font_size=\u00bb18px\u00bb text_orientation=\u00bbcenter\u00bb width=\u00bb100%\u00bb module_alignment=\u00bbcenter\u00bb custom_margin=\u00bb19px||||false|false\u00bb custom_margin_tablet=\u00bb\u00bb custom_margin_phone=\u00bb\u00bb custom_margin_last_edited=\u00bbon|phone\u00bb custom_padding=\u00bb||||false|false\u00bb custom_padding_tablet=\u00bb\u00bb custom_padding_phone=\u00bb0px||||false|false\u00bb custom_padding_last_edited=\u00bbon|phone\u00bb text_font_size_tablet=\u00bb\u00bb text_font_size_phone=\u00bb20px\u00bb text_font_size_last_edited=\u00bbon|phone\u00bb global_colors_info=\u00bb{}\u00bb]<\/p>\n<p>DIRECTORIO<\/p>\n<p>[\/et_pb_text][\/et_pb_column][\/et_pb_row][et_pb_row column_structure=\u00bb1_2,1_2&#8243; disabled_on=\u00bbon|off|off\u00bb _builder_version=\u00bb4.9.2&#8243; _module_preset=\u00bbdefault\u00bb custom_padding=\u00bb||40px|||\u00bb border_width_bottom=\u00bb1px\u00bb border_color_bottom=\u00bb#FFFFFF\u00bb global_colors_info=\u00bb{}\u00bb][et_pb_column type=\u00bb1_2&#8243; _builder_version=\u00bb4.9.2&#8243; _module_preset=\u00bbdefault\u00bb global_colors_info=\u00bb{}\u00bb][et_pb_image src=\u00bbhttps:\/\/bravoizquierdo.cl\/temp\/wp-content\/uploads\/2021\/04\/ejemplofoto.png\u00bb title_text=\u00bbejemplofoto\u00bb align=\u00bbcenter\u00bb _builder_version=\u00bb4.9.2&#8243; _module_preset=\u00bbdefault\u00bb max_width=\u00bb400px\u00bb global_colors_info=\u00bb{}\u00bb][\/et_pb_image][et_pb_text _builder_version=\u00bb4.10.8&#8243; _module_preset=\u00bbdefault\u00bb text_font=\u00bb|600|||||||\u00bb text_text_color=\u00bb#FFFFFF\u00bb text_font_size=\u00bb17px\u00bb text_line_height=\u00bb1.6em\u00bb hover_enabled=\u00bb0&#8243; global_colors_info=\u00bb{}\u00bb sticky_enabled=\u00bb0&#8243;]<\/p>\n<p style=\"text-align: center;\">Luis He\u0301ctor Bravo Garreto\u0301n,<br \/>\nPresidente del Directorio y Socio Fundador.<\/p>\n<p>[\/et_pb_text][\/et_pb_column][et_pb_column type=\u00bb1_2&#8243; _builder_version=\u00bb4.9.2&#8243; _module_preset=\u00bbdefault\u00bb global_colors_info=\u00bb{}\u00bb][et_pb_image src=\u00bbhttps:\/\/bravoizquierdo.cl\/temp\/wp-content\/uploads\/2021\/04\/foto2.png\u00bb title_text=\u00bbfoto2&#8243; align=\u00bbcenter\u00bb _builder_version=\u00bb4.9.2&#8243; _module_preset=\u00bbdefault\u00bb max_width=\u00bb400px\u00bb global_colors_info=\u00bb{}\u00bb][\/et_pb_image][et_pb_text _builder_version=\u00bb4.10.8&#8243; _module_preset=\u00bbdefault\u00bb text_font=\u00bb|600|||||||\u00bb text_text_color=\u00bb#FFFFFF\u00bb text_font_size=\u00bb17px\u00bb text_line_height=\u00bb1.6em\u00bb hover_enabled=\u00bb0&#8243; global_colors_info=\u00bb{}\u00bb sticky_enabled=\u00bb0&#8243;]<\/p>\n<p style=\"text-align: center;\">Mati\u0301as Anselmo Izquierdo Mene\u0301ndez,<br \/>Socio Fundador.<\/p>\n<p>[\/et_pb_text][\/et_pb_column][\/et_pb_row][et_pb_row disabled_on=\u00bbon|off|off\u00bb _builder_version=\u00bb4.9.2&#8243; _module_preset=\u00bbdefault\u00bb custom_padding=\u00bb48px|||||\u00bb global_colors_info=\u00bb{}\u00bb][et_pb_column type=\u00bb4_4&#8243; _builder_version=\u00bb4.9.2&#8243; _module_preset=\u00bbdefault\u00bb global_colors_info=\u00bb{}\u00bb][et_pb_image src=\u00bbhttps:\/\/bravoizquierdo.cl\/temp\/wp-content\/uploads\/2021\/04\/foto3.png\u00bb title_text=\u00bbfoto3&#8243; align=\u00bbcenter\u00bb _builder_version=\u00bb4.9.2&#8243; _module_preset=\u00bbdefault\u00bb module_alignment=\u00bbcenter\u00bb max_height=\u00bb400px\u00bb global_colors_info=\u00bb{}\u00bb][\/et_pb_image][\/et_pb_column][\/et_pb_row][et_pb_row disabled_on=\u00bbon|off|off\u00bb _builder_version=\u00bb4.9.2&#8243; _module_preset=\u00bbdefault\u00bb width=\u00bb37%\u00bb custom_padding=\u00bb1px|||||\u00bb global_colors_info=\u00bb{}\u00bb][et_pb_column type=\u00bb4_4&#8243; _builder_version=\u00bb4.9.2&#8243; _module_preset=\u00bbdefault\u00bb global_colors_info=\u00bb{}\u00bb][et_pb_text _builder_version=\u00bb4.9.2&#8243; _module_preset=\u00bbdefault\u00bb text_font=\u00bb|600|||||||\u00bb text_text_color=\u00bb#FFFFFF\u00bb text_font_size=\u00bb17px\u00bb text_line_height=\u00bb1.6em\u00bb global_colors_info=\u00bb{}\u00bb]<\/p>\n<p style=\"text-align: center;\">Luis He\u0301ctor Bravo Herreros, <br \/>Gerente General Constructora.<\/p>\n<p>[\/et_pb_text][\/et_pb_column][\/et_pb_row][et_pb_row _builder_version=\u00bb4.9.2&#8243; _module_preset=\u00bbdefault\u00bb custom_margin=\u00bb-34px|auto||auto||\u00bb custom_padding=\u00bb||1px|||\u00bb border_width_bottom=\u00bb1px\u00bb border_color_bottom=\u00bb#FFFFFF\u00bb global_colors_info=\u00bb{}\u00bb][et_pb_column type=\u00bb4_4&#8243; _builder_version=\u00bb4.9.2&#8243; _module_preset=\u00bbdefault\u00bb global_colors_info=\u00bb{}\u00bb][et_pb_divider show_divider=\u00bboff\u00bb _builder_version=\u00bb4.9.2&#8243; _module_preset=\u00bbdefault\u00bb global_colors_info=\u00bb{}\u00bb][\/et_pb_divider][\/et_pb_column][\/et_pb_row][et_pb_row column_structure=\u00bb1_2,1_2&#8243; disabled_on=\u00bbon|off|off\u00bb _builder_version=\u00bb4.9.2&#8243; _module_preset=\u00bbdefault\u00bb custom_padding=\u00bb51px|||||\u00bb global_colors_info=\u00bb{}\u00bb][et_pb_column type=\u00bb1_2&#8243; _builder_version=\u00bb4.9.2&#8243; _module_preset=\u00bbdefault\u00bb global_colors_info=\u00bb{}\u00bb][et_pb_image src=\u00bbhttps:\/\/bravoizquierdo.cl\/temp\/wp-content\/uploads\/2021\/04\/foto4.png\u00bb title_text=\u00bbfoto4&#8243; align=\u00bbcenter\u00bb _builder_version=\u00bb4.9.2&#8243; _module_preset=\u00bbdefault\u00bb module_alignment=\u00bbcenter\u00bb max_height=\u00bb315px\u00bb global_colors_info=\u00bb{}\u00bb][\/et_pb_image][et_pb_text _builder_version=\u00bb4.10.8&#8243; _module_preset=\u00bbdefault\u00bb text_font=\u00bb|600|||||||\u00bb text_text_color=\u00bb#FFFFFF\u00bb text_font_size=\u00bb17px\u00bb text_line_height=\u00bb1.6em\u00bb hover_enabled=\u00bb0&#8243; global_colors_info=\u00bb{}\u00bb sticky_enabled=\u00bb0&#8243;]<\/p>\n<p style=\"text-align: center;\"><span style=\"color: #ffffff;\">Pedro Izquierdo G.<br \/>\n Gerente de Nuevos Negocios.<\/span><\/p>\n<p>[\/et_pb_text][\/et_pb_column][et_pb_column _builder_version=\u00bb4.10.8&#8243; _module_preset=\u00bbdefault\u00bb type=\u00bb1_2&#8243;][et_pb_image src=\u00bbhttps:\/\/bravoizquierdo.cl\/temp\/wp-content\/uploads\/2021\/04\/foto5.png\u00bb title_text=\u00bbfoto5&#8243; align=\u00bbcenter\u00bb _builder_version=\u00bb4.9.2&#8243; _module_preset=\u00bbdefault\u00bb module_alignment=\u00bbcenter\u00bb max_height=\u00bb315px\u00bb global_colors_info=\u00bb{}\u00bb][\/et_pb_image][et_pb_text _builder_version=\u00bb4.10.8&#8243; _module_preset=\u00bbdefault\u00bb text_font=\u00bb|600|||||||\u00bb text_text_color=\u00bb#FFFFFF\u00bb text_font_size=\u00bb17px\u00bb text_line_height=\u00bb1.6em\u00bb hover_enabled=\u00bb0&#8243; global_colors_info=\u00bb{}\u00bb sticky_enabled=\u00bb0&#8243;]<\/p>\n<p style=\"text-align: center;\"><span style=\"color: #ffffff;\">Javier Alarco\u0301n C.<br \/>\n Gerente de Desarrollo e Innovacio\u0301n y<br \/>\n Representante de Socios Minoritarios.<\/span><\/p>\n<p>[\/et_pb_text][\/et_pb_column][\/et_pb_row][et_pb_row column_structure=\u00bb1_2,1_2&#8243; disabled_on=\u00bbon|off|off\u00bb _builder_version=\u00bb4.9.2&#8243; _module_preset=\u00bbdefault\u00bb custom_padding=\u00bb51px|||||\u00bb global_colors_info=\u00bb{}\u00bb][et_pb_column type=\u00bb1_2&#8243; _builder_version=\u00bb4.9.2&#8243; _module_preset=\u00bbdefault\u00bb global_colors_info=\u00bb{}\u00bb][et_pb_image src=\u00bbhttps:\/\/bravoizquierdo.cl\/temp\/wp-content\/uploads\/2021\/05\/JUAN-PABLO-GRASINS.png\u00bb title_text=\u00bbJUAN-PABLO-GRASINS\u00bb align=\u00bbcenter\u00bb _builder_version=\u00bb4.9.2&#8243; _module_preset=\u00bbdefault\u00bb module_alignment=\u00bbcenter\u00bb max_height=\u00bb315px\u00bb global_colors_info=\u00bb{}\u00bb][\/et_pb_image][et_pb_text _builder_version=\u00bb4.9.2&#8243; _module_preset=\u00bbdefault\u00bb text_font=\u00bb|600|||||||\u00bb text_text_color=\u00bb#FFFFFF\u00bb text_font_size=\u00bb17px\u00bb text_line_height=\u00bb1.6em\u00bb global_colors_info=\u00bb{}\u00bb]<\/p>\n<p style=\"text-align: center;\"><span style=\"color: #ffffff;\">Juan Pablo Grasins S.<br \/>\nGerente de Construcci\u00f3n. <\/span><span><\/span><\/p>\n<p>[\/et_pb_text][\/et_pb_column][et_pb_column _builder_version=\u00bb4.10.8&#8243; _module_preset=\u00bbdefault\u00bb type=\u00bb1_2&#8243;][et_pb_image src=\u00bbhttps:\/\/bravoizquierdo.cl\/temp\/wp-content\/uploads\/2021\/09\/JUAN-PABLO-IBANEZ-A-BI-1.png\u00bb title_text=\u00bbJUAN-PABLO-IBANEZ-A-BI-1&#8243; align=\u00bbcenter\u00bb _builder_version=\u00bb4.10.8&#8243; _module_preset=\u00bbdefault\u00bb module_alignment=\u00bbcenter\u00bb max_height=\u00bb315px\u00bb hover_enabled=\u00bb0&#8243; global_colors_info=\u00bb{}\u00bb sticky_enabled=\u00bb0&#8243;][\/et_pb_image][et_pb_text _builder_version=\u00bb4.10.8&#8243; _module_preset=\u00bbdefault\u00bb text_font=\u00bb|600|||||||\u00bb text_text_color=\u00bb#FFFFFF\u00bb text_font_size=\u00bb17px\u00bb text_line_height=\u00bb1.6em\u00bb hover_enabled=\u00bb0&#8243; global_colors_info=\u00bb{}\u00bb sticky_enabled=\u00bb0&#8243;]<\/p>\n<p style=\"text-align: center;\">Juan Pablo Ib\u00e1\u00f1ez A.<br \/>Gerente de Ingenier\u00eda.<\/p>\n<p>[\/et_pb_text][\/et_pb_column][\/et_pb_row][et_pb_row column_structure=\u00bb1_2,1_2&#8243; disabled_on=\u00bbon|off|off\u00bb _builder_version=\u00bb4.9.2&#8243; _module_preset=\u00bbdefault\u00bb custom_padding=\u00bb51px|||||\u00bb global_colors_info=\u00bb{}\u00bb][et_pb_column type=\u00bb1_2&#8243; _builder_version=\u00bb4.9.2&#8243; _module_preset=\u00bbdefault\u00bb global_colors_info=\u00bb{}\u00bb][et_pb_image src=\u00bbhttps:\/\/bravoizquierdo.cl\/temp\/wp-content\/uploads\/2021\/04\/foto7.png\u00bb title_text=\u00bbfoto7&#8243; align=\u00bbcenter\u00bb _builder_version=\u00bb4.9.2&#8243; _module_preset=\u00bbdefault\u00bb module_alignment=\u00bbcenter\u00bb max_height=\u00bb315px\u00bb global_colors_info=\u00bb{}\u00bb][\/et_pb_image][et_pb_text _builder_version=\u00bb4.10.8&#8243; _module_preset=\u00bbdefault\u00bb text_font=\u00bb|600|||||||\u00bb text_text_color=\u00bb#FFFFFF\u00bb text_font_size=\u00bb17px\u00bb text_line_height=\u00bb1.6em\u00bb hover_enabled=\u00bb0&#8243; global_colors_info=\u00bb{}\u00bb sticky_enabled=\u00bb0&#8243;]<\/p>\n<p style=\"text-align: center;\"><span style=\"color: #ffffff;\">Claudia Urrutia O.<br \/>\n Gerente de Clientes y Planificaci\u00f3n.<\/span><\/p>\n<p>[\/et_pb_text][\/et_pb_column][et_pb_column _builder_version=\u00bb4.10.8&#8243; _module_preset=\u00bbdefault\u00bb type=\u00bb1_2&#8243;][et_pb_image src=\u00bbhttps:\/\/bravoizquierdo.cl\/temp\/wp-content\/uploads\/2021\/04\/foto8.png\u00bb title_text=\u00bbfoto8&#8243; align=\u00bbcenter\u00bb _builder_version=\u00bb4.9.2&#8243; _module_preset=\u00bbdefault\u00bb module_alignment=\u00bbcenter\u00bb max_height=\u00bb315px\u00bb global_colors_info=\u00bb{}\u00bb][\/et_pb_image][et_pb_text _builder_version=\u00bb4.10.8&#8243; _module_preset=\u00bbdefault\u00bb text_font=\u00bb|600|||||||\u00bb text_text_color=\u00bb#FFFFFF\u00bb text_font_size=\u00bb17px\u00bb text_line_height=\u00bb1.6em\u00bb hover_enabled=\u00bb0&#8243; global_colors_info=\u00bb{}\u00bb sticky_enabled=\u00bb0&#8243;]<\/p>\n<p style=\"text-align: center;\"><span style=\"color: #ffffff;\">Nicola\u0301s Arenas O.<br \/>\nGerente de Gestio\u0301n y Sostenibilidad.<\/span>[\/et_pb_text][\/et_pb_column][\/et_pb_row][et_pb_row column_structure=\u00bb1_2,1_2&#8243; disabled_on=\u00bbon|off|off\u00bb _builder_version=\u00bb4.9.2&#8243; _module_preset=\u00bbdefault\u00bb custom_padding=\u00bb51px|||||\u00bb global_colors_info=\u00bb{}\u00bb][et_pb_column type=\u00bb1_2&#8243; _builder_version=\u00bb4.9.2&#8243; _module_preset=\u00bbdefault\u00bb global_colors_info=\u00bb{}\u00bb][et_pb_image src=\u00bbhttps:\/\/bravoizquierdo.cl\/temp\/wp-content\/uploads\/2021\/04\/foto9.png\u00bb title_text=\u00bbfoto9&#8243; align=\u00bbcenter\u00bb _builder_version=\u00bb4.9.2&#8243; _module_preset=\u00bbdefault\u00bb module_alignment=\u00bbcenter\u00bb max_height=\u00bb315px\u00bb global_colors_info=\u00bb{}\u00bb][\/et_pb_image][et_pb_text _builder_version=\u00bb4.10.8&#8243; _module_preset=\u00bbdefault\u00bb text_font=\u00bb|600|||||||\u00bb text_text_color=\u00bb#FFFFFF\u00bb text_font_size=\u00bb17px\u00bb text_line_height=\u00bb1.6em\u00bb hover_enabled=\u00bb0&#8243; global_colors_info=\u00bb{}\u00bb sticky_enabled=\u00bb0&#8243;]<\/p>\n<p style=\"text-align: center;\"><span style=\"color: #ffffff;\">Jose\u0301 Ignacio Toro D.<br \/>\n Gerente de Equipos, Maquinaria y Log\u00edstica.<\/span><\/p>\n<p>[\/et_pb_text][\/et_pb_column][et_pb_column _builder_version=\u00bb4.10.8&#8243; _module_preset=\u00bbdefault\u00bb type=\u00bb1_2&#8243;][et_pb_image src=\u00bbhttps:\/\/bravoizquierdo.cl\/temp\/wp-content\/uploads\/2021\/09\/JOSE-I-VALDIVIA-V1-1.png\u00bb title_text=\u00bbJOSE-I-VALDIVIA-V1-1&#8243; align=\u00bbcenter\u00bb _builder_version=\u00bb4.10.8&#8243; _module_preset=\u00bbdefault\u00bb module_alignment=\u00bbcenter\u00bb max_height=\u00bb315px\u00bb hover_enabled=\u00bb0&#8243; global_colors_info=\u00bb{}\u00bb sticky_enabled=\u00bb0&#8243;][\/et_pb_image][et_pb_text _builder_version=\u00bb4.10.8&#8243; _module_preset=\u00bbdefault\u00bb text_font=\u00bb|600|||||||\u00bb text_text_color=\u00bb#FFFFFF\u00bb text_font_size=\u00bb17px\u00bb text_line_height=\u00bb1.6em\u00bb hover_enabled=\u00bb0&#8243; global_colors_info=\u00bb{}\u00bb sticky_enabled=\u00bb0&#8243;]<\/p>\n<p style=\"text-align: center;\"><span style=\"color: #ffffff;\">Jos\u00e9 Ignacio Valdivia M.<br \/>\nGerente de Administraci\u00f3n y Finanzas.<\/span><\/p>\n<p>[\/et_pb_text][\/et_pb_column][\/et_pb_row][\/et_pb_section]<\/p>\n","protected":false},"excerpt":{"rendered":"<p>NUESTRA EMPRESABravo Izquierdo se ha caracterizado por los altos est\u00e1ndares de calidad e innovaci\u00f3n con que trabajan,demostrando su capacidad de adaptarse r\u00e1pidamente al cambio siendo parte de las soluciones y liderandocon compromiso sus estamentos para ofrecer a sus clientes el mejor est\u00e1ndar constructivo de Chile.MISI\u00d3N\u201cConstruir con experiencia y entusiasmo, como si fue\u0301ramos nuestros propios clientes\u201d [&hellip;]<\/p>\n","protected":false},"author":1,"featured_media":0,"parent":0,"menu_order":0,"comment_status":"closed","ping_status":"closed","template":"","meta":{"_et_pb_use_builder":"on","_et_pb_old_content":"","_et_gb_content_width":"","footnotes":""},"class_list":["post-221","page","type-page","status-publish","hentry"],"_links":{"self":[{"href":"https:\/\/bravoizquierdo.cl\/temp\/wp-json\/wp\/v2\/pages\/221","targetHints":{"allow":["GET"]}}],"collection":[{"href":"https:\/\/bravoizquierdo.cl\/temp\/wp-json\/wp\/v2\/pages"}],"about":[{"href":"https:\/\/bravoizquierdo.cl\/temp\/wp-json\/wp\/v2\/types\/page"}],"author":[{"embeddable":true,"href":"https:\/\/bravoizquierdo.cl\/temp\/wp-json\/wp\/v2\/users\/1"}],"replies":[{"embeddable":true,"href":"https:\/\/bravoizquierdo.cl\/temp\/wp-json\/wp\/v2\/comments?post=221"}],"version-history":[{"count":59,"href":"https:\/\/bravoizquierdo.cl\/temp\/wp-json\/wp\/v2\/pages\/221\/revisions"}],"predecessor-version":[{"id":3351,"href":"https:\/\/bravoizquierdo.cl\/temp\/wp-json\/wp\/v2\/pages\/221\/revisions\/3351"}],"wp:attachment":[{"href":"https:\/\/bravoizquierdo.cl\/temp\/wp-json\/wp\/v2\/media?parent=221"}],"curies":[{"name":"wp","href":"https:\/\/api.w.org\/{rel}","templated":true}]}}